{"id":19465,"date":"2025-05-06T10:55:23","date_gmt":"2025-05-06T10:55:23","guid":{"rendered":"https:\/\/www.casadomarques.pt\/corporate-events\/"},"modified":"2026-01-08T20:02:05","modified_gmt":"2026-01-08T20:02:05","slug":"corporate-events","status":"publish","type":"page","link":"https:\/\/www.casadomarques.pt\/en\/corporate-events\/","title":{"rendered":"Corporate Events<br>"},"content":{"rendered":"\t\t<div data-elementor-type=\"wp-page\" data-elementor-id=\"19465\" class=\"elementor elementor-19465 elementor-14912\" data-elementor-post-type=\"page\">\n\t\t\t\t<div class=\"elementor-element elementor-element-58297d1 e-con-full e-flex e-con e-parent\" data-id=\"58297d1\" data-element_type=\"container\" data-settings=\"{&quot;background_background&quot;:&quot;classic&quot;}\">\n\t\t\t\t<div class=\"elementor-element elementor-element-33dace3 elementor-widget elementor-widget-fidalgo_core_section_title\" data-id=\"33dace3\" data-element_type=\"widget\" data-widget_type=\"fidalgo_core_section_title.default\">\n\t\t\t\t<div class=\"elementor-widget-container\">\n\t\t\t\t\t<div class=\"qodef-shortcode qodef-m  qodef-section-title qodef-alignment--left  \">\n\t\t<h1 class=\"qodef-m-title\" >\n\t\t\t\t\tCorporate Events \t\t\t<\/h1>\n\t\t<p  class=\"qodef-m-subtitle\" style=\"color: #FFFFFF\">\n\t\tCasa do Marqu\u00eas\t<\/p >\n\t<\/div>\n\t\t\t\t<\/div>\n\t\t\t\t<\/div>\n\t\t\t\t<div class=\"elementor-element elementor-element-69390b5 elementor-widget__width-initial elementor-widget-mobile__width-inherit elementor-widget elementor-widget-fidalgo_core_info_section\" data-id=\"69390b5\" data-element_type=\"widget\" data-widget_type=\"fidalgo_core_info_section.default\">\n\t\t\t\t<div class=\"elementor-widget-container\">\n\t\t\t\t\t<div class=\"qodef-shortcode qodef-m header qodef-info-section qodef-layout--background-text  qodef-background-text-pos--center \">\n    <div class=\"qodef-m-info\">\n        <div class=\"qodef-m-title-holder\">\n                                <\/div>\n        <div class=\"qodef-m-text-holder\" style=\"margin-top: 10px\">\n                <\/div>\n\t\t\t<div class=\"qodef-m-button\">\n\t\t<a class=\"qodef-shortcode qodef-m  qodef-button qodef-layout--outlined  qodef-html--link\" href=\"#info\" target=\"_self\"  style=\"--qode-button-color: #FFFFFF;margin: 20px 0 0\">\t<span class=\"qodef-m-text\">More Information<\/span><\/a>\t<\/div>\n\t<\/div>\n<\/div>\t\t\t\t<\/div>\n\t\t\t\t<\/div>\n\t\t\t\t<\/div>\n\t\t<div class=\"elementor-element elementor-element-1c50b4b e-con-full qodef-elementor-content-grid e-flex e-con e-parent\" data-id=\"1c50b4b\" data-element_type=\"container\" id=\"info\">\n\t\t<div class=\"elementor-element elementor-element-3497375 e-con-full e-flex e-con e-child\" data-id=\"3497375\" data-element_type=\"container\">\n\t\t<div class=\"elementor-element elementor-element-a03a9fb e-con-full e-flex e-con e-child\" data-id=\"a03a9fb\" data-element_type=\"container\">\n\t\t\t\t<div class=\"elementor-element elementor-element-c8b5a1d elementor-widget__width-initial elementor-widget-tablet__width-inherit elementor-widget elementor-widget-fidalgo_core_info_section\" data-id=\"c8b5a1d\" data-element_type=\"widget\" data-widget_type=\"fidalgo_core_info_section.default\">\n\t\t\t\t<div class=\"elementor-widget-container\">\n\t\t\t\t\t<div class=\"qodef-shortcode qodef-m text qodef-info-section qodef-layout--background-text  qodef-background-text-pos--top-left \">\n    <div class=\"qodef-m-info\">\n        <div class=\"qodef-m-title-holder\">\n                        \t<h2 class=\"qodef-m-title\" >\n\t\tEvents\t<\/h2>\n        <\/div>\n        <div class=\"qodef-m-text-holder\" style=\"margin-top: 10px\">\n            <div class=\"qodef-m-text-info\">\n        <div class=\"qodef-m-text\" ><p>We specialize in customizing corporate and business events in Portugal. We take care of every detail so that your company stands out and provides a memorable experience.  <\/p><p><span>From catering to design and service, we ensure that every element reflects your brand identity, creating a unique and memorable experience for your employees and customers.<\/span><span> <\/span><\/p><\/div>\n    <\/div>\n        <\/div>\n\t\t\t<\/div>\n<\/div>\t\t\t\t<\/div>\n\t\t\t\t<\/div>\n\t\t\t\t<\/div>\n\t\t\t\t<\/div>\n\t\t<div class=\"elementor-element elementor-element-15bcad9 e-con-full e-flex e-con e-child\" data-id=\"15bcad9\" data-element_type=\"container\">\n\t\t\t\t<div class=\"elementor-element elementor-element-2a1d37e elementor-widget elementor-widget-qi_addons_for_elementor_image_slider\" data-id=\"2a1d37e\" data-element_type=\"widget\" data-widget_type=\"qi_addons_for_elementor_image_slider.default\">\n\t\t\t\t<div class=\"elementor-widget-container\">\n\t\t\t\t\t<div class=\"qodef-shortcode qodef-m qodef-qi-image-slider qodef-qi-fslightbox-popup qodef-popup-gallery qodef-col-num--1 qodef-qi-grid qodef-qi-swiper-container qodef-navigation--inside qodef-navigation--hover-move\" data-options=\"{&quot;direction&quot;:&quot;horizontal&quot;,&quot;slidesPerView&quot;:&quot;1&quot;,&quot;spaceBetween&quot;:30,&quot;spaceBetweenTablet&quot;:30,&quot;spaceBetweenMobile&quot;:30,&quot;effect&quot;:&quot;slide&quot;,&quot;loop&quot;:true,&quot;autoplay&quot;:true,&quot;centeredSlides&quot;:false,&quot;speed&quot;:&quot;&quot;,&quot;speedAnimation&quot;:&quot;&quot;,&quot;outsideNavigation&quot;:&quot;no&quot;,&quot;outsidePagination&quot;:&quot;no&quot;,&quot;unique&quot;:901,&quot;partialValue&quot;:0,&quot;disablePartialValue&quot;:&quot;&quot;,&quot;parallax&quot;:&quot;no&quot;}\">\n\t<div class=\"swiper-wrapper\">\n\t\t<div class=\"qodef-e swiper-slide\">\n\t<div class=\"qodef-e-inner\">\n\t\t<div class=\"qodef-e-inner-holder\">\n\t\t\t\t\t\t\t<a class=\"qodef-popup-item\" itemprop=\"image\" href=\"https:\/\/www.casadomarques.pt\/wp-content\/uploads\/2025\/05\/meo-arena-almoco-montepio-natal-eventos-corporativos-casa-do-marques.webp\" data-type=\"image\" data-fslightbox=\"gallery-901\" data-e-disable-page-transition=\u201dtrue\u201d>\n\t\t\t\t\t\t\t<img fetchpriority=\"high\" decoding=\"async\" width=\"650\" height=\"650\" src=\"https:\/\/www.casadomarques.pt\/wp-content\/uploads\/2025\/05\/meo-arena-almoco-montepio-natal-eventos-corporativos-casa-do-marques-650x650.webp\" class=\"attachment-qi_addons_for_elementor_image_size_square size-qi_addons_for_elementor_image_size_square\" alt=\"MEO Arena - Almo\u00e7o Montepio - Natal - Eventos Corporativos - Casa do Marqu\u00eas\" srcset=\"https:\/\/www.casadomarques.pt\/wp-content\/uploads\/2025\/05\/meo-arena-almoco-montepio-natal-eventos-corporativos-casa-do-marques-650x650.webp 650w, https:\/\/www.casadomarques.pt\/wp-content\/uploads\/2025\/05\/meo-arena-almoco-montepio-natal-eventos-corporativos-casa-do-marques-150x150.webp 150w, https:\/\/www.casadomarques.pt\/wp-content\/uploads\/2025\/05\/meo-arena-almoco-montepio-natal-eventos-corporativos-casa-do-marques-300x300.webp 300w, https:\/\/www.casadomarques.pt\/wp-content\/uploads\/2025\/05\/meo-arena-almoco-montepio-natal-eventos-corporativos-casa-do-marques-100x100.webp 100w\" sizes=\"(max-width: 650px) 100vw, 650px\" title=\"\">\t\t\t\t\t\t\t<\/a>\n\t\t\t\t\t<\/div>\n\t<\/div>\n\t<\/div>\n<div class=\"qodef-e swiper-slide\">\n\t<div class=\"qodef-e-inner\">\n\t\t<div class=\"qodef-e-inner-holder\">\n\t\t\t\t\t\t\t<a class=\"qodef-popup-item\" itemprop=\"image\" href=\"https:\/\/www.casadomarques.pt\/wp-content\/uploads\/2025\/05\/fil-fidelidade-popgroup-2019-jantar-fil-eventos-corporativos-casa-do-marques.webp\" data-type=\"image\" data-fslightbox=\"gallery-901\" data-e-disable-page-transition=\u201dtrue\u201d>\n\t\t\t\t\t\t\t<img decoding=\"async\" width=\"650\" height=\"650\" src=\"https:\/\/www.casadomarques.pt\/wp-content\/uploads\/2025\/05\/fil-fidelidade-popgroup-2019-jantar-fil-eventos-corporativos-casa-do-marques-650x650.webp\" class=\"attachment-qi_addons_for_elementor_image_size_square size-qi_addons_for_elementor_image_size_square\" alt=\"Jantar FIL - Fidelidade - Popgroup - 2019 - Eventos Corporativos - Casa do Marqu\u00eas\" srcset=\"https:\/\/www.casadomarques.pt\/wp-content\/uploads\/2025\/05\/fil-fidelidade-popgroup-2019-jantar-fil-eventos-corporativos-casa-do-marques-650x650.webp 650w, https:\/\/www.casadomarques.pt\/wp-content\/uploads\/2025\/05\/fil-fidelidade-popgroup-2019-jantar-fil-eventos-corporativos-casa-do-marques-150x150.webp 150w, https:\/\/www.casadomarques.pt\/wp-content\/uploads\/2025\/05\/fil-fidelidade-popgroup-2019-jantar-fil-eventos-corporativos-casa-do-marques-300x300.webp 300w, https:\/\/www.casadomarques.pt\/wp-content\/uploads\/2025\/05\/fil-fidelidade-popgroup-2019-jantar-fil-eventos-corporativos-casa-do-marques-100x100.webp 100w\" sizes=\"(max-width: 650px) 100vw, 650px\" title=\"\">\t\t\t\t\t\t\t<\/a>\n\t\t\t\t\t<\/div>\n\t<\/div>\n\t<\/div>\n<div class=\"qodef-e swiper-slide\">\n\t<div class=\"qodef-e-inner\">\n\t\t<div class=\"qodef-e-inner-holder\">\n\t\t\t\t\t\t\t<a class=\"qodef-popup-item\" itemprop=\"image\" href=\"https:\/\/www.casadomarques.pt\/wp-content\/uploads\/2025\/05\/fil-almoco-credito-agroicola-2018-eventos-corporativos-casa-do-marques-2.webp\" data-type=\"image\" data-fslightbox=\"gallery-901\" data-e-disable-page-transition=\u201dtrue\u201d>\n\t\t\t\t\t\t\t<img decoding=\"async\" width=\"650\" height=\"650\" src=\"https:\/\/www.casadomarques.pt\/wp-content\/uploads\/2025\/05\/fil-almoco-credito-agroicola-2018-eventos-corporativos-casa-do-marques-2-650x650.webp\" class=\"attachment-qi_addons_for_elementor_image_size_square size-qi_addons_for_elementor_image_size_square\" alt=\"FIL - Almo\u00e7o - Cr\u00e9dito Agr\u00edcola 2018 - Eventos Corporativos - Casa do Marqu\u00eas\" srcset=\"https:\/\/www.casadomarques.pt\/wp-content\/uploads\/2025\/05\/fil-almoco-credito-agroicola-2018-eventos-corporativos-casa-do-marques-2-650x650.webp 650w, https:\/\/www.casadomarques.pt\/wp-content\/uploads\/2025\/05\/fil-almoco-credito-agroicola-2018-eventos-corporativos-casa-do-marques-2-150x150.webp 150w, https:\/\/www.casadomarques.pt\/wp-content\/uploads\/2025\/05\/fil-almoco-credito-agroicola-2018-eventos-corporativos-casa-do-marques-2-300x300.webp 300w, https:\/\/www.casadomarques.pt\/wp-content\/uploads\/2025\/05\/fil-almoco-credito-agroicola-2018-eventos-corporativos-casa-do-marques-2-100x100.webp 100w\" sizes=\"(max-width: 650px) 100vw, 650px\" title=\"\">\t\t\t\t\t\t\t<\/a>\n\t\t\t\t\t<\/div>\n\t<\/div>\n\t<\/div>\n<div class=\"qodef-e swiper-slide\">\n\t<div class=\"qodef-e-inner\">\n\t\t<div class=\"qodef-e-inner-holder\">\n\t\t\t\t\t\t\t<a class=\"qodef-popup-item\" itemprop=\"image\" href=\"https:\/\/www.casadomarques.pt\/wp-content\/uploads\/2025\/05\/eventos-corporativos-casa-do-marques-5.webp\" data-type=\"image\" data-fslightbox=\"gallery-901\" data-e-disable-page-transition=\u201dtrue\u201d>\n\t\t\t\t\t\t\t<img loading=\"lazy\" decoding=\"async\" width=\"650\" height=\"650\" src=\"https:\/\/www.casadomarques.pt\/wp-content\/uploads\/2025\/05\/eventos-corporativos-casa-do-marques-5-650x650.webp\" class=\"attachment-qi_addons_for_elementor_image_size_square size-qi_addons_for_elementor_image_size_square\" alt=\"Eventos Corporativos - Casa do Marqu\u00eas\" srcset=\"https:\/\/www.casadomarques.pt\/wp-content\/uploads\/2025\/05\/eventos-corporativos-casa-do-marques-5-650x650.webp 650w, https:\/\/www.casadomarques.pt\/wp-content\/uploads\/2025\/05\/eventos-corporativos-casa-do-marques-5-150x150.webp 150w, https:\/\/www.casadomarques.pt\/wp-content\/uploads\/2025\/05\/eventos-corporativos-casa-do-marques-5-300x300.webp 300w, https:\/\/www.casadomarques.pt\/wp-content\/uploads\/2025\/05\/eventos-corporativos-casa-do-marques-5-100x100.webp 100w\" sizes=\"(max-width: 650px) 100vw, 650px\" title=\"\">\t\t\t\t\t\t\t<\/a>\n\t\t\t\t\t<\/div>\n\t<\/div>\n\t<\/div>\n\t<\/div>\n\t\t<div class=\"swiper-button-prev\"><svg class=\"qodef-swiper-arrow-left\" xmlns=\"http:\/\/www.w3.org\/2000\/svg\" x=\"0px\" y=\"0px\" viewBox=\"0 0 34.2 32.3\" xml:space=\"preserve\" style=\"stroke-width: 2;\"><line x1=\"0.5\" y1=\"16\" x2=\"33.5\" y2=\"16\"\/><line x1=\"0.3\" y1=\"16.5\" x2=\"16.2\" y2=\"0.7\"\/><line x1=\"0\" y1=\"15.4\" x2=\"16.2\" y2=\"31.6\"\/><\/svg><\/div>\n\t<div class=\"swiper-button-next\"><svg class=\"qodef-swiper-arrow-right\" xmlns=\"http:\/\/www.w3.org\/2000\/svg\" x=\"0px\" y=\"0px\" viewBox=\"0 0 34.2 32.3\" xml:space=\"preserve\" style=\"stroke-width: 2;\"><line x1=\"0\" y1=\"16\" x2=\"33\" y2=\"16\"\/><line x1=\"17.3\" y1=\"0.7\" x2=\"33.2\" y2=\"16.5\"\/><line x1=\"17.3\" y1=\"31.6\" x2=\"33.5\" y2=\"15.4\"\/><\/svg><\/div>\n<\/div>\n\t\t\t\t<\/div>\n\t\t\t\t<\/div>\n\t\t\t\t<\/div>\n\t\t\t\t<\/div>\n\t\t<div class=\"elementor-element elementor-element-1aaaa86 e-con-full e-flex e-con e-parent\" data-id=\"1aaaa86\" data-element_type=\"container\">\n\t\t\t\t<div class=\"elementor-element elementor-element-ad1c923 elementor-widget__width-initial elementor-widget-tablet__width-inherit elementor-widget elementor-widget-fidalgo_core_info_section\" data-id=\"ad1c923\" data-element_type=\"widget\" data-widget_type=\"fidalgo_core_info_section.default\">\n\t\t\t\t<div class=\"elementor-widget-container\">\n\t\t\t\t\t<div class=\"qodef-shortcode qodef-m  qodef-info-section qodef-layout--background-text  qodef-background-text-pos--top-left \">\n    <div class=\"qodef-m-info\">\n        <div class=\"qodef-m-title-holder\">\n                        \t<h3 class=\"qodef-m-title\" >\n\t\tSome corporate events we have helped to organize \t<\/h3>\n        <\/div>\n        <div class=\"qodef-m-text-holder\" style=\"margin-top: 10px\">\n                <\/div>\n\t\t\t<\/div>\n<\/div>\t\t\t\t<\/div>\n\t\t\t\t<\/div>\n\t\t\t\t<div class=\"elementor-element elementor-element-3c72890 elementor-widget elementor-widget-fidalgo_core_image_gallery\" data-id=\"3c72890\" data-element_type=\"widget\" data-widget_type=\"fidalgo_core_image_gallery.default\">\n\t\t\t\t<div class=\"elementor-widget-container\">\n\t\t\t\t\t<div class=\"qodef-shortcode qodef-m  qodef-image-gallery qodef-magnific-popup qodef-popup-gallery    qodef-border-radius-predefined-none    qodef--has-hover qodef-grid qodef-layout--columns    qodef-col-num--3    qodef-responsive--custom qodef-col-num--1512--3 qodef-col-num--1368--3 qodef-col-num--1200--3 qodef-col-num--1024--3 qodef-col-num--880--3 qodef-col-num--680--2 qodef-swiper--show-pagination\" style=\"--qode-gutter-custom: 0px;--qode-vertical-gutter-custom: 0px;--qode-gutter-custom-1512: 0px;--qode-vertical-gutter-custom-1512: 0px;--qode-gutter-custom-1200: 0px;--qode-vertical-gutter-custom-1200: 0px;--qode-gutter-custom-880: 0px;--qode-vertical-gutter-custom-880: 0px\">\n\t<div class=\"qodef-grid-inner\">\n\t\t<div class=\"qodef-e qodef-image-wrapper qodef--has-appear qodef-grid-item \">\n\t\t\t<a class=\"qodef-popup-item qodef-round-borders-wrapper\" itemprop=\"image\" href=\"https:\/\/www.casadomarques.pt\/wp-content\/uploads\/2025\/05\/fil-almoco-credito-agroicola-2018-eventos-corporativos-casa-do-marques-1.webp\" data-type=\"image\" title=\"FIL - Almo\u00e7o - Cr\u00e9dito Agr\u00edcola 2018 - Eventos Corporativos - Casa do Marqu\u00eas\">\n\t\t\t<div class=\"qodef-round-borders-wrapper-inner\">\n\t\t\t<img loading=\"lazy\" decoding=\"async\" width=\"1600\" height=\"1035\" src=\"https:\/\/www.casadomarques.pt\/wp-content\/uploads\/2025\/05\/fil-almoco-credito-agroicola-2018-eventos-corporativos-casa-do-marques-1.webp\" class=\"attachment-full size-full\" alt=\"FIL - Almo\u00e7o - Cr\u00e9dito Agr\u00edcola 2018 - Eventos Corporativos - Casa do Marqu\u00eas\" srcset=\"https:\/\/www.casadomarques.pt\/wp-content\/uploads\/2025\/05\/fil-almoco-credito-agroicola-2018-eventos-corporativos-casa-do-marques-1.webp 1600w, https:\/\/www.casadomarques.pt\/wp-content\/uploads\/2025\/05\/fil-almoco-credito-agroicola-2018-eventos-corporativos-casa-do-marques-1-300x194.webp 300w, https:\/\/www.casadomarques.pt\/wp-content\/uploads\/2025\/05\/fil-almoco-credito-agroicola-2018-eventos-corporativos-casa-do-marques-1-1024x662.webp 1024w, https:\/\/www.casadomarques.pt\/wp-content\/uploads\/2025\/05\/fil-almoco-credito-agroicola-2018-eventos-corporativos-casa-do-marques-1-768x497.webp 768w, https:\/\/www.casadomarques.pt\/wp-content\/uploads\/2025\/05\/fil-almoco-credito-agroicola-2018-eventos-corporativos-casa-do-marques-1-1536x994.webp 1536w, https:\/\/www.casadomarques.pt\/wp-content\/uploads\/2025\/05\/fil-almoco-credito-agroicola-2018-eventos-corporativos-casa-do-marques-1-600x388.webp 600w\" sizes=\"(max-width: 1600px) 100vw, 1600px\" title=\"\">\t\t<\/div>\n        \t\t\t<\/a>\n\t<\/div>\n<div class=\"qodef-e qodef-image-wrapper qodef--has-appear qodef-grid-item \">\n\t\t\t<a class=\"qodef-popup-item qodef-round-borders-wrapper\" itemprop=\"image\" href=\"https:\/\/www.casadomarques.pt\/wp-content\/uploads\/2025\/05\/eventos-corporativos-casa-do-marques-4.webp\" data-type=\"image\" title=\"Eventos Corporativos - Casa do Marqu\u00eas\">\n\t\t\t<div class=\"qodef-round-borders-wrapper-inner\">\n\t\t\t<img loading=\"lazy\" decoding=\"async\" width=\"1600\" height=\"1067\" src=\"https:\/\/www.casadomarques.pt\/wp-content\/uploads\/2025\/05\/eventos-corporativos-casa-do-marques-4.webp\" class=\"attachment-full size-full\" alt=\"Eventos Corporativos - Casa do Marqu\u00eas\" srcset=\"https:\/\/www.casadomarques.pt\/wp-content\/uploads\/2025\/05\/eventos-corporativos-casa-do-marques-4.webp 1600w, https:\/\/www.casadomarques.pt\/wp-content\/uploads\/2025\/05\/eventos-corporativos-casa-do-marques-4-300x200.webp 300w, https:\/\/www.casadomarques.pt\/wp-content\/uploads\/2025\/05\/eventos-corporativos-casa-do-marques-4-1024x683.webp 1024w, https:\/\/www.casadomarques.pt\/wp-content\/uploads\/2025\/05\/eventos-corporativos-casa-do-marques-4-768x512.webp 768w, https:\/\/www.casadomarques.pt\/wp-content\/uploads\/2025\/05\/eventos-corporativos-casa-do-marques-4-1536x1024.webp 1536w, https:\/\/www.casadomarques.pt\/wp-content\/uploads\/2025\/05\/eventos-corporativos-casa-do-marques-4-600x400.webp 600w\" sizes=\"(max-width: 1600px) 100vw, 1600px\" title=\"\">\t\t<\/div>\n        \t\t\t<\/a>\n\t<\/div>\n<div class=\"qodef-e qodef-image-wrapper qodef--has-appear qodef-grid-item \">\n\t\t\t<a class=\"qodef-popup-item qodef-round-borders-wrapper\" itemprop=\"image\" href=\"https:\/\/www.casadomarques.pt\/wp-content\/uploads\/2025\/05\/eventos-corporativos-casa-do-marques-3.webp\" data-type=\"image\" title=\"Eventos Corporativos - Casa do Marqu\u00eas\">\n\t\t\t<div class=\"qodef-round-borders-wrapper-inner\">\n\t\t\t<img loading=\"lazy\" decoding=\"async\" width=\"1600\" height=\"1067\" src=\"https:\/\/www.casadomarques.pt\/wp-content\/uploads\/2025\/05\/eventos-corporativos-casa-do-marques-3.webp\" class=\"attachment-full size-full\" alt=\"Eventos Corporativos - Casa do Marqu\u00eas\" srcset=\"https:\/\/www.casadomarques.pt\/wp-content\/uploads\/2025\/05\/eventos-corporativos-casa-do-marques-3.webp 1600w, https:\/\/www.casadomarques.pt\/wp-content\/uploads\/2025\/05\/eventos-corporativos-casa-do-marques-3-300x200.webp 300w, https:\/\/www.casadomarques.pt\/wp-content\/uploads\/2025\/05\/eventos-corporativos-casa-do-marques-3-1024x683.webp 1024w, https:\/\/www.casadomarques.pt\/wp-content\/uploads\/2025\/05\/eventos-corporativos-casa-do-marques-3-768x512.webp 768w, https:\/\/www.casadomarques.pt\/wp-content\/uploads\/2025\/05\/eventos-corporativos-casa-do-marques-3-1536x1024.webp 1536w, https:\/\/www.casadomarques.pt\/wp-content\/uploads\/2025\/05\/eventos-corporativos-casa-do-marques-3-600x400.webp 600w\" sizes=\"(max-width: 1600px) 100vw, 1600px\" title=\"\">\t\t<\/div>\n        \t\t\t<\/a>\n\t<\/div>\n<div class=\"qodef-e qodef-image-wrapper qodef--has-appear qodef-grid-item \">\n\t\t\t<a class=\"qodef-popup-item qodef-round-borders-wrapper\" itemprop=\"image\" href=\"https:\/\/www.casadomarques.pt\/wp-content\/uploads\/2025\/05\/eventos-corporativos-casa-do-marques-2.webp\" data-type=\"image\" title=\"Eventos Corporativos - Casa do Marqu\u00eas\">\n\t\t\t<div class=\"qodef-round-borders-wrapper-inner\">\n\t\t\t<img loading=\"lazy\" decoding=\"async\" width=\"1600\" height=\"1067\" src=\"https:\/\/www.casadomarques.pt\/wp-content\/uploads\/2025\/05\/eventos-corporativos-casa-do-marques-2.webp\" class=\"attachment-full size-full\" alt=\"Eventos Corporativos - Casa do Marqu\u00eas\" srcset=\"https:\/\/www.casadomarques.pt\/wp-content\/uploads\/2025\/05\/eventos-corporativos-casa-do-marques-2.webp 1600w, https:\/\/www.casadomarques.pt\/wp-content\/uploads\/2025\/05\/eventos-corporativos-casa-do-marques-2-300x200.webp 300w, https:\/\/www.casadomarques.pt\/wp-content\/uploads\/2025\/05\/eventos-corporativos-casa-do-marques-2-1024x683.webp 1024w, https:\/\/www.casadomarques.pt\/wp-content\/uploads\/2025\/05\/eventos-corporativos-casa-do-marques-2-768x512.webp 768w, https:\/\/www.casadomarques.pt\/wp-content\/uploads\/2025\/05\/eventos-corporativos-casa-do-marques-2-1536x1024.webp 1536w, https:\/\/www.casadomarques.pt\/wp-content\/uploads\/2025\/05\/eventos-corporativos-casa-do-marques-2-600x400.webp 600w\" sizes=\"(max-width: 1600px) 100vw, 1600px\" title=\"\">\t\t<\/div>\n        \t\t\t<\/a>\n\t<\/div>\n<div class=\"qodef-e qodef-image-wrapper qodef--has-appear qodef-grid-item \">\n\t\t\t<a class=\"qodef-popup-item qodef-round-borders-wrapper\" itemprop=\"image\" href=\"https:\/\/www.casadomarques.pt\/wp-content\/uploads\/2025\/05\/eventos-corporativos-casa-do-marques-1.webp\" data-type=\"image\" title=\"Eventos Corporativos - Casa do Marqu\u00eas\">\n\t\t\t<div class=\"qodef-round-borders-wrapper-inner\">\n\t\t\t<img loading=\"lazy\" decoding=\"async\" width=\"1600\" height=\"1067\" src=\"https:\/\/www.casadomarques.pt\/wp-content\/uploads\/2025\/05\/eventos-corporativos-casa-do-marques-1.webp\" class=\"attachment-full size-full\" alt=\"Eventos Corporativos - Casa do Marqu\u00eas\" srcset=\"https:\/\/www.casadomarques.pt\/wp-content\/uploads\/2025\/05\/eventos-corporativos-casa-do-marques-1.webp 1600w, https:\/\/www.casadomarques.pt\/wp-content\/uploads\/2025\/05\/eventos-corporativos-casa-do-marques-1-300x200.webp 300w, https:\/\/www.casadomarques.pt\/wp-content\/uploads\/2025\/05\/eventos-corporativos-casa-do-marques-1-1024x683.webp 1024w, https:\/\/www.casadomarques.pt\/wp-content\/uploads\/2025\/05\/eventos-corporativos-casa-do-marques-1-768x512.webp 768w, https:\/\/www.casadomarques.pt\/wp-content\/uploads\/2025\/05\/eventos-corporativos-casa-do-marques-1-1536x1024.webp 1536w, https:\/\/www.casadomarques.pt\/wp-content\/uploads\/2025\/05\/eventos-corporativos-casa-do-marques-1-600x400.webp 600w\" sizes=\"(max-width: 1600px) 100vw, 1600px\" title=\"\">\t\t<\/div>\n        \t\t\t<\/a>\n\t<\/div>\n<div class=\"qodef-e qodef-image-wrapper qodef--has-appear qodef-grid-item \">\n\t\t\t<a class=\"qodef-popup-item qodef-round-borders-wrapper\" itemprop=\"image\" href=\"https:\/\/www.casadomarques.pt\/wp-content\/uploads\/2025\/05\/easd-fil-pav-4-eventos-corporativos-casa-do-marques.webp\" data-type=\"image\" title=\"EASD - FIL - Pav. 4 - Eventos Corporativos - Casa do Marqu\u00eas\">\n\t\t\t<div class=\"qodef-round-borders-wrapper-inner\">\n\t\t\t<img loading=\"lazy\" decoding=\"async\" width=\"1600\" height=\"1047\" src=\"https:\/\/www.casadomarques.pt\/wp-content\/uploads\/2025\/05\/easd-fil-pav-4-eventos-corporativos-casa-do-marques.webp\" class=\"attachment-full size-full\" alt=\"EASD - FIL - Pav. 4 - Eventos Corporativos - Casa do Marqu\u00eas\" srcset=\"https:\/\/www.casadomarques.pt\/wp-content\/uploads\/2025\/05\/easd-fil-pav-4-eventos-corporativos-casa-do-marques.webp 1600w, https:\/\/www.casadomarques.pt\/wp-content\/uploads\/2025\/05\/easd-fil-pav-4-eventos-corporativos-casa-do-marques-300x196.webp 300w, https:\/\/www.casadomarques.pt\/wp-content\/uploads\/2025\/05\/easd-fil-pav-4-eventos-corporativos-casa-do-marques-1024x670.webp 1024w, https:\/\/www.casadomarques.pt\/wp-content\/uploads\/2025\/05\/easd-fil-pav-4-eventos-corporativos-casa-do-marques-768x503.webp 768w, https:\/\/www.casadomarques.pt\/wp-content\/uploads\/2025\/05\/easd-fil-pav-4-eventos-corporativos-casa-do-marques-1536x1005.webp 1536w, https:\/\/www.casadomarques.pt\/wp-content\/uploads\/2025\/05\/easd-fil-pav-4-eventos-corporativos-casa-do-marques-600x393.webp 600w\" sizes=\"(max-width: 1600px) 100vw, 1600px\" title=\"\">\t\t<\/div>\n        \t\t\t<\/a>\n\t<\/div>\n<div class=\"qodef-e qodef-image-wrapper qodef--has-appear qodef-grid-item \">\n\t\t\t<a class=\"qodef-popup-item qodef-round-borders-wrapper\" itemprop=\"image\" href=\"https:\/\/www.casadomarques.pt\/wp-content\/uploads\/2025\/05\/campo-pequeno-jantar-corporativo-2019-eventos-corporativos-casa-do-marques-3.webp\" data-type=\"image\" title=\"Campo Pequeno - Jantar Corporativo 2019 - Eventos Corporativos - Casa do Marqu\u00eas\">\n\t\t\t<div class=\"qodef-round-borders-wrapper-inner\">\n\t\t\t<img loading=\"lazy\" decoding=\"async\" width=\"1600\" height=\"1067\" src=\"https:\/\/www.casadomarques.pt\/wp-content\/uploads\/2025\/05\/campo-pequeno-jantar-corporativo-2019-eventos-corporativos-casa-do-marques-3.webp\" class=\"attachment-full size-full\" alt=\"Campo Pequeno - Jantar Corporativo 2019 - Eventos Corporativos - Casa do Marqu\u00eas\" srcset=\"https:\/\/www.casadomarques.pt\/wp-content\/uploads\/2025\/05\/campo-pequeno-jantar-corporativo-2019-eventos-corporativos-casa-do-marques-3.webp 1600w, https:\/\/www.casadomarques.pt\/wp-content\/uploads\/2025\/05\/campo-pequeno-jantar-corporativo-2019-eventos-corporativos-casa-do-marques-3-300x200.webp 300w, https:\/\/www.casadomarques.pt\/wp-content\/uploads\/2025\/05\/campo-pequeno-jantar-corporativo-2019-eventos-corporativos-casa-do-marques-3-1024x683.webp 1024w, https:\/\/www.casadomarques.pt\/wp-content\/uploads\/2025\/05\/campo-pequeno-jantar-corporativo-2019-eventos-corporativos-casa-do-marques-3-768x512.webp 768w, https:\/\/www.casadomarques.pt\/wp-content\/uploads\/2025\/05\/campo-pequeno-jantar-corporativo-2019-eventos-corporativos-casa-do-marques-3-1536x1024.webp 1536w, https:\/\/www.casadomarques.pt\/wp-content\/uploads\/2025\/05\/campo-pequeno-jantar-corporativo-2019-eventos-corporativos-casa-do-marques-3-600x400.webp 600w\" sizes=\"(max-width: 1600px) 100vw, 1600px\" title=\"\">\t\t<\/div>\n        \t\t\t<\/a>\n\t<\/div>\n<div class=\"qodef-e qodef-image-wrapper qodef--has-appear qodef-grid-item \">\n\t\t\t<a class=\"qodef-popup-item qodef-round-borders-wrapper\" itemprop=\"image\" href=\"https:\/\/www.casadomarques.pt\/wp-content\/uploads\/2025\/05\/campo-pequeno-jantar-corporativo-2019-eventos-corporativos-casa-do-marques-2.webp\" data-type=\"image\" title=\"Campo Pequeno - Jantar Corporativo 2019 - Eventos Corporativos - Casa do Marqu\u00eas\">\n\t\t\t<div class=\"qodef-round-borders-wrapper-inner\">\n\t\t\t<img loading=\"lazy\" decoding=\"async\" width=\"1600\" height=\"1067\" src=\"https:\/\/www.casadomarques.pt\/wp-content\/uploads\/2025\/05\/campo-pequeno-jantar-corporativo-2019-eventos-corporativos-casa-do-marques-2.webp\" class=\"attachment-full size-full\" alt=\"Campo Pequeno - Jantar Corporativo 2019 - Eventos Corporativos - Casa do Marqu\u00eas\" srcset=\"https:\/\/www.casadomarques.pt\/wp-content\/uploads\/2025\/05\/campo-pequeno-jantar-corporativo-2019-eventos-corporativos-casa-do-marques-2.webp 1600w, https:\/\/www.casadomarques.pt\/wp-content\/uploads\/2025\/05\/campo-pequeno-jantar-corporativo-2019-eventos-corporativos-casa-do-marques-2-300x200.webp 300w, https:\/\/www.casadomarques.pt\/wp-content\/uploads\/2025\/05\/campo-pequeno-jantar-corporativo-2019-eventos-corporativos-casa-do-marques-2-1024x683.webp 1024w, https:\/\/www.casadomarques.pt\/wp-content\/uploads\/2025\/05\/campo-pequeno-jantar-corporativo-2019-eventos-corporativos-casa-do-marques-2-768x512.webp 768w, https:\/\/www.casadomarques.pt\/wp-content\/uploads\/2025\/05\/campo-pequeno-jantar-corporativo-2019-eventos-corporativos-casa-do-marques-2-1536x1024.webp 1536w, https:\/\/www.casadomarques.pt\/wp-content\/uploads\/2025\/05\/campo-pequeno-jantar-corporativo-2019-eventos-corporativos-casa-do-marques-2-600x400.webp 600w\" sizes=\"(max-width: 1600px) 100vw, 1600px\" title=\"\">\t\t<\/div>\n        \t\t\t<\/a>\n\t<\/div>\n<div class=\"qodef-e qodef-image-wrapper qodef--has-appear qodef-grid-item \">\n\t\t\t<a class=\"qodef-popup-item qodef-round-borders-wrapper\" itemprop=\"image\" href=\"https:\/\/www.casadomarques.pt\/wp-content\/uploads\/2025\/05\/campo-pequeno-jantar-bimby-2015-eventos-corporativos-casa-do-marques-.webp\" data-type=\"image\" title=\"Campo Pequeno - Jantar Bimby 2015 - Eventos Corporativos - Casa do Marqu\u00eas\">\n\t\t\t<div class=\"qodef-round-borders-wrapper-inner\">\n\t\t\t<img loading=\"lazy\" decoding=\"async\" width=\"1800\" height=\"1200\" src=\"https:\/\/www.casadomarques.pt\/wp-content\/uploads\/2025\/05\/campo-pequeno-jantar-bimby-2015-eventos-corporativos-casa-do-marques-.webp\" class=\"attachment-full size-full\" alt=\"Campo Pequeno - Jantar Bimby 2015 - Eventos Corporativos - Casa do Marqu\u00eas\" srcset=\"https:\/\/www.casadomarques.pt\/wp-content\/uploads\/2025\/05\/campo-pequeno-jantar-bimby-2015-eventos-corporativos-casa-do-marques-.webp 1800w, https:\/\/www.casadomarques.pt\/wp-content\/uploads\/2025\/05\/campo-pequeno-jantar-bimby-2015-eventos-corporativos-casa-do-marques--300x200.webp 300w, https:\/\/www.casadomarques.pt\/wp-content\/uploads\/2025\/05\/campo-pequeno-jantar-bimby-2015-eventos-corporativos-casa-do-marques--1024x683.webp 1024w, https:\/\/www.casadomarques.pt\/wp-content\/uploads\/2025\/05\/campo-pequeno-jantar-bimby-2015-eventos-corporativos-casa-do-marques--768x512.webp 768w, https:\/\/www.casadomarques.pt\/wp-content\/uploads\/2025\/05\/campo-pequeno-jantar-bimby-2015-eventos-corporativos-casa-do-marques--1536x1024.webp 1536w, https:\/\/www.casadomarques.pt\/wp-content\/uploads\/2025\/05\/campo-pequeno-jantar-bimby-2015-eventos-corporativos-casa-do-marques--600x400.webp 600w\" sizes=\"(max-width: 1800px) 100vw, 1800px\" title=\"\">\t\t<\/div>\n        \t\t\t<\/a>\n\t<\/div>\n\t<\/div>\n<\/div>\n\t\t\t\t<\/div>\n\t\t\t\t<\/div>\n\t\t\t\t<\/div>\n\t\t<div class=\"elementor-element elementor-element-db202f0 e-con-full e-flex e-con e-parent\" data-id=\"db202f0\" data-element_type=\"container\">\n\t\t\t\t<div class=\"elementor-element elementor-element-ecbeb39 elementor-widget__width-initial elementor-widget-tablet__width-inherit elementor-widget elementor-widget-fidalgo_core_info_section\" data-id=\"ecbeb39\" data-element_type=\"widget\" data-widget_type=\"fidalgo_core_info_section.default\">\n\t\t\t\t<div class=\"elementor-widget-container\">\n\t\t\t\t\t<div class=\"qodef-shortcode qodef-m  qodef-info-section qodef-layout--background-text  qodef-background-text-pos--top-left \">\n    <div class=\"qodef-m-info\">\n        <div class=\"qodef-m-title-holder\">\n                        \t<h3 class=\"qodef-m-title\" >\n\t\tFind out what services you can hire \t<\/h3>\n        <\/div>\n        <div class=\"qodef-m-text-holder\" style=\"margin-top: 10px\">\n                <\/div>\n\t\t\t<\/div>\n<\/div>\t\t\t\t<\/div>\n\t\t\t\t<\/div>\n\t\t\t\t<\/div>\n\t\t<div class=\"elementor-element elementor-element-b6548b6 e-con-full e-flex e-con e-parent\" data-id=\"b6548b6\" data-element_type=\"container\">\n\t\t\t\t<div class=\"elementor-element elementor-element-0671716 elementor-widget elementor-widget-fidalgo_core_banner_carousel\" data-id=\"0671716\" data-element_type=\"widget\" data-widget_type=\"fidalgo_core_banner_carousel.default\">\n\t\t\t\t<div class=\"elementor-widget-container\">\n\t\t\t\t\t<div class=\"qodef-shortcode qodef-m slider qodef-banner-carousel qodef-banner-carousel-601  qodef-grid qodef-swiper-container  qodef-gutter--small  qodef-col-num--4    qodef-responsive--custom qodef-col-num--1512--4 qodef-col-num--1368--4 qodef-col-num--1200--3 qodef-col-num--1024--2 qodef-col-num--880--2 qodef-col-num--680--1\" style=\"--qode-banner-carousel-subtract : 200px;--qode-gutter-custom: 0px;--qode-vertical-gutter-custom: 0px;--qode-gutter-custom-1512: 0px;--qode-vertical-gutter-custom-1512: 0px;--qode-gutter-custom-1200: 0px;--qode-vertical-gutter-custom-1200: 0px;--qode-gutter-custom-880: 0px;--qode-vertical-gutter-custom-880: 0px\" data-options=\"{&quot;spaceBetween&quot;:20,&quot;slidesPerView&quot;:&quot;4&quot;,&quot;loop&quot;:true,&quot;autoplay&quot;:true,&quot;speed&quot;:&quot;&quot;,&quot;speedAnimation&quot;:&quot;&quot;,&quot;slideAnimation&quot;:&quot;&quot;,&quot;direction&quot;:&quot;&quot;,&quot;centeredSlides&quot;:&quot;&quot;,&quot;sliderScroll&quot;:true,&quot;loopedSlides&quot;:&quot;&quot;,&quot;hiddenSlides&quot;:&quot;&quot;,&quot;customStages&quot;:true,&quot;slidesPerView1512&quot;:&quot;4&quot;,&quot;slidesPerView1368&quot;:&quot;4&quot;,&quot;slidesPerView1200&quot;:&quot;3&quot;,&quot;slidesPerView1024&quot;:&quot;2&quot;,&quot;slidesPerView880&quot;:&quot;2&quot;,&quot;slidesPerView680&quot;:&quot;1&quot;,&quot;outsideNavigation&quot;:&quot;yes&quot;,&quot;unique&quot;:601}\">\n\t<div class=\"swiper-wrapper\">\n\n\t\t\t\t\t<div class=\"qodef-e qodef-m-item swiper-slide\">\n\t\t\t\t<div class=\"qodef-e-item-inner\">\n\t\t\t\t\t<h3 class=\"qodef-e-title\">Catering <\/h3>\n\t\t\t\t\t<span class=\"qodef-e-subtitle\">Corporate Events <\/span>\n\t\t\t\t\t\t\t\t\t\t\t<div class=\"qodef-e-separator\"><\/div>\n\t\t\t\t\t\t<a class=\"qodef-button qodef-layout--outlined qodef-html--link\" itemprop=\"url\" href=\"\/servicos\/catering\/\" target=\"_self\">\n\t\t\t\t\t\t\t<span class=\"qodef-m-text\">More Information<\/span>\n\t\t\t\t\t\t<\/a>\n\t\t\t\t\t\t\t\t\t<\/div>\n\t\t\t\t<a class=\"qodef-e-link\" itemprop=\"url\" href=\"\/servicos\/catering\/\" target=\"_self\"><\/a>\n\t\t\t\t\t\t\t\t\t<div class=\"qodef-e-image\" style=\"background-image: url(https:\/\/www.casadomarques.pt\/wp-content\/uploads\/2025\/04\/casa-do-marques-catering-dos-eventos.webp)\">\n\t\t\t\t\t\t<img loading=\"lazy\" decoding=\"async\" width=\"1920\" height=\"1280\" src=\"https:\/\/www.casadomarques.pt\/wp-content\/uploads\/2025\/04\/casa-do-marques-catering-dos-eventos.webp\" class=\"attachment-full size-full\" alt=\"Catering para Eventos - Casa do Marqu\u00eas\" srcset=\"https:\/\/www.casadomarques.pt\/wp-content\/uploads\/2025\/04\/casa-do-marques-catering-dos-eventos.webp 1920w, https:\/\/www.casadomarques.pt\/wp-content\/uploads\/2025\/04\/casa-do-marques-catering-dos-eventos-300x200.webp 300w, https:\/\/www.casadomarques.pt\/wp-content\/uploads\/2025\/04\/casa-do-marques-catering-dos-eventos-1024x683.webp 1024w, https:\/\/www.casadomarques.pt\/wp-content\/uploads\/2025\/04\/casa-do-marques-catering-dos-eventos-768x512.webp 768w, https:\/\/www.casadomarques.pt\/wp-content\/uploads\/2025\/04\/casa-do-marques-catering-dos-eventos-1536x1024.webp 1536w, https:\/\/www.casadomarques.pt\/wp-content\/uploads\/2025\/04\/casa-do-marques-catering-dos-eventos-600x400.webp 600w\" sizes=\"(max-width: 1920px) 100vw, 1920px\" title=\"\">\t\t\t\t\t<\/div>\n\t\t\t\t\n\t\t\t\t\n\t\t\t<\/div>\n\t\t\t\t\t<div class=\"qodef-e qodef-m-item swiper-slide\">\n\t\t\t\t<div class=\"qodef-e-item-inner\">\n\t\t\t\t\t<h3 class=\"qodef-e-title\">Venues <\/h3>\n\t\t\t\t\t<span class=\"qodef-e-subtitle\">Rental<\/span>\n\t\t\t\t\t\t\t\t\t\t\t<div class=\"qodef-e-separator\"><\/div>\n\t\t\t\t\t\t<a class=\"qodef-button qodef-layout--outlined qodef-html--link\" itemprop=\"url\" href=\"\/espacos\/\" target=\"_self\">\n\t\t\t\t\t\t\t<span class=\"qodef-m-text\">More Information<\/span>\n\t\t\t\t\t\t<\/a>\n\t\t\t\t\t\t\t\t\t<\/div>\n\t\t\t\t<a class=\"qodef-e-link\" itemprop=\"url\" href=\"\/espacos\/\" target=\"_self\"><\/a>\n\t\t\t\t\t\t\t\t\t<div class=\"qodef-e-image\" style=\"background-image: url(https:\/\/www.casadomarques.pt\/wp-content\/uploads\/2025\/03\/servico-aluguer-de-espacos-1.webp)\">\n\t\t\t\t\t\t<img loading=\"lazy\" decoding=\"async\" width=\"600\" height=\"835\" src=\"https:\/\/www.casadomarques.pt\/wp-content\/uploads\/2025\/03\/servico-aluguer-de-espacos-1.webp\" class=\"attachment-full size-full\" alt=\"Aluguer de Espa\u00e7os para Eventos - Casa do Marqu\u00eas\" srcset=\"https:\/\/www.casadomarques.pt\/wp-content\/uploads\/2025\/03\/servico-aluguer-de-espacos-1.webp 600w, https:\/\/www.casadomarques.pt\/wp-content\/uploads\/2025\/03\/servico-aluguer-de-espacos-1-216x300.webp 216w\" sizes=\"(max-width: 600px) 100vw, 600px\" title=\"\">\t\t\t\t\t<\/div>\n\t\t\t\t\n\t\t\t\t\n\t\t\t<\/div>\n\t\t\t\t\t<div class=\"qodef-e qodef-m-item swiper-slide\">\n\t\t\t\t<div class=\"qodef-e-item-inner\">\n\t\t\t\t\t<h3 class=\"qodef-e-title\">Furniture Rental <\/h3>\n\t\t\t\t\t<span class=\"qodef-e-subtitle\">Corporate Events <\/span>\n\t\t\t\t\t\t\t\t\t\t\t<div class=\"qodef-e-separator\"><\/div>\n\t\t\t\t\t\t<a class=\"qodef-button qodef-layout--outlined qodef-html--link\" itemprop=\"url\" href=\"\/servicos\/decoracao-e-mobiliario\/\" target=\"_self\">\n\t\t\t\t\t\t\t<span class=\"qodef-m-text\">More Information<\/span>\n\t\t\t\t\t\t<\/a>\n\t\t\t\t\t\t\t\t\t<\/div>\n\t\t\t\t<a class=\"qodef-e-link\" itemprop=\"url\" href=\"\/servicos\/decoracao-e-mobiliario\/\" target=\"_self\"><\/a>\n\t\t\t\t\t\t\t\t\t<div class=\"qodef-e-image\" style=\"background-image: url(https:\/\/www.casadomarques.pt\/wp-content\/uploads\/2025\/05\/mobiliario-e-decoracao-eventos-casa-do-marques-2.webp)\">\n\t\t\t\t\t\t<img loading=\"lazy\" decoding=\"async\" width=\"1000\" height=\"667\" src=\"https:\/\/www.casadomarques.pt\/wp-content\/uploads\/2025\/05\/mobiliario-e-decoracao-eventos-casa-do-marques-2.webp\" class=\"attachment-full size-full\" alt=\"Decora\u00e7\u00e3o e Mobili\u00e1rio para Eventos - Casa do Marqu\u00eas\" srcset=\"https:\/\/www.casadomarques.pt\/wp-content\/uploads\/2025\/05\/mobiliario-e-decoracao-eventos-casa-do-marques-2.webp 1000w, https:\/\/www.casadomarques.pt\/wp-content\/uploads\/2025\/05\/mobiliario-e-decoracao-eventos-casa-do-marques-2-300x200.webp 300w, https:\/\/www.casadomarques.pt\/wp-content\/uploads\/2025\/05\/mobiliario-e-decoracao-eventos-casa-do-marques-2-768x512.webp 768w, https:\/\/www.casadomarques.pt\/wp-content\/uploads\/2025\/05\/mobiliario-e-decoracao-eventos-casa-do-marques-2-600x400.webp 600w\" sizes=\"(max-width: 1000px) 100vw, 1000px\" title=\"\">\t\t\t\t\t<\/div>\n\t\t\t\t\n\t\t\t\t\n\t\t\t<\/div>\n\t\t\t\t\t<div class=\"qodef-e qodef-m-item swiper-slide\">\n\t\t\t\t<div class=\"qodef-e-item-inner\">\n\t\t\t\t\t<h3 class=\"qodef-e-title\">Animation<\/h3>\n\t\t\t\t\t<span class=\"qodef-e-subtitle\">Casa do Marqu\u00eas<\/span>\n\t\t\t\t\t\t\t\t\t\t\t<div class=\"qodef-e-separator\"><\/div>\n\t\t\t\t\t\t<a class=\"qodef-button qodef-layout--outlined qodef-html--link\" itemprop=\"url\" href=\"\/back-to-the-future-estufa-fria\/\" target=\"_self\">\n\t\t\t\t\t\t\t<span class=\"qodef-m-text\">More Information<\/span>\n\t\t\t\t\t\t<\/a>\n\t\t\t\t\t\t\t\t\t<\/div>\n\t\t\t\t<a class=\"qodef-e-link\" itemprop=\"url\" href=\"\/back-to-the-future-estufa-fria\/\" target=\"_self\"><\/a>\n\t\t\t\t\t\t\t\t\t<div class=\"qodef-e-image\" style=\"background-image: url(https:\/\/www.casadomarques.pt\/wp-content\/uploads\/2025\/03\/servico-de-animacao-de-eventos.webp)\">\n\t\t\t\t\t\t<img loading=\"lazy\" decoding=\"async\" width=\"900\" height=\"1150\" src=\"https:\/\/www.casadomarques.pt\/wp-content\/uploads\/2025\/03\/servico-de-animacao-de-eventos.webp\" class=\"attachment-full size-full\" alt=\"Anima\u00e7\u00e3o de Eventos - Casa do Marqu\u00eas\" srcset=\"https:\/\/www.casadomarques.pt\/wp-content\/uploads\/2025\/03\/servico-de-animacao-de-eventos.webp 900w, https:\/\/www.casadomarques.pt\/wp-content\/uploads\/2025\/03\/servico-de-animacao-de-eventos-235x300.webp 235w, https:\/\/www.casadomarques.pt\/wp-content\/uploads\/2025\/03\/servico-de-animacao-de-eventos-801x1024.webp 801w, https:\/\/www.casadomarques.pt\/wp-content\/uploads\/2025\/03\/servico-de-animacao-de-eventos-768x981.webp 768w, https:\/\/www.casadomarques.pt\/wp-content\/uploads\/2025\/03\/servico-de-animacao-de-eventos-600x767.webp 600w\" sizes=\"(max-width: 900px) 100vw, 900px\" title=\"\">\t\t\t\t\t<\/div>\n\t\t\t\t\n\t\t\t\t\n\t\t\t<\/div>\n\t\t\t<\/div>\n\n\t<\/div>\n\t\t\t\t<\/div>\n\t\t\t\t<\/div>\n\t\t\t\t<\/div>\n\t\t<div class=\"elementor-element elementor-element-febb214 e-con-full e-flex e-con e-parent\" data-id=\"febb214\" data-element_type=\"container\" data-settings=\"{&quot;background_background&quot;:&quot;classic&quot;}\">\n\t\t<div class=\"elementor-element elementor-element-30729d6 e-con-full e-flex e-con e-child\" data-id=\"30729d6\" data-element_type=\"container\" data-settings=\"{&quot;background_background&quot;:&quot;classic&quot;}\">\n\t\t<div class=\"elementor-element elementor-element-9ccc009 e-con-full qodef-elementor-content-grid e-flex e-con e-child\" data-id=\"9ccc009\" data-element_type=\"container\">\n\t\t\t\t<div class=\"elementor-element elementor-element-66b5ed9 elementor-widget elementor-widget-fidalgo_core_section_title\" data-id=\"66b5ed9\" data-element_type=\"widget\" data-widget_type=\"fidalgo_core_section_title.default\">\n\t\t\t\t<div class=\"elementor-widget-container\">\n\t\t\t\t\t<div class=\"qodef-shortcode qodef-m  qodef-section-title qodef-alignment--center  \">\n\t\t<h2 class=\"qodef-m-title\" style=\"color: #FFFFFF\">\n\t\t\t\t\tWe create the best moments for your company\t\t\t<\/h2>\n\t\t<\/div>\n\t\t\t\t<\/div>\n\t\t\t\t<\/div>\n\t\t\t\t<div class=\"elementor-element elementor-element-0538d3f elementor-widget elementor-widget-fidalgo_core_button\" data-id=\"0538d3f\" data-element_type=\"widget\" data-widget_type=\"fidalgo_core_button.default\">\n\t\t\t\t<div class=\"elementor-widget-container\">\n\t\t\t\t\t<a class=\"qodef-shortcode qodef-m  qodef-button qodef-layout--outlined  qodef-html--link\" href=\"\/en\/contacts\/#proposal\" target=\"_self\"  >\n\t<span class=\"qodef-m-text\">Request a Proposal<\/span>\n<\/a>\n\t\t\t\t<\/div>\n\t\t\t\t<\/div>\n\t\t\t\t<div class=\"elementor-element elementor-element-c5b15b4 elementor-widget elementor-widget-wp-widget-fidalgo_core_social_links_group\" data-id=\"c5b15b4\" data-element_type=\"widget\" data-widget_type=\"wp-widget-fidalgo_core_social_links_group.default\">\n\t\t\t\t<div class=\"elementor-widget-container\">\n\t\t\t\t\t\t\t\t<div class=\"qodef-social-links-group\">\n\t\t\t\t\t\t\t\t\t\t<span class=\"qodef-link-holder\">\n\t\t\t\t\t\t\t<a itemprop=\"url\" href=\"https:\/\/www.facebook.com\/CasadoMarques\/\" target=\"_blank\" rel=\"noopener\">facebook<\/a>\t\t\t\t\t\t<\/span>\n\t\t\t\t\t\t\t\t\t\t\t<span class=\"qodef-link-holder\">\n\t\t\t\t\t\t\t<a itemprop=\"url\" href=\"https:\/\/www.instagram.com\/casa.do.marques\/\" target=\"_blank\" rel=\"noopener\">instagram<\/a>\t\t\t\t\t\t<\/span>\n\t\t\t\t\t\t\t\t\t\t\t<span class=\"qodef-link-holder\">\n\t\t\t\t\t\t\t<a itemprop=\"url\" href=\"https:\/\/www.linkedin.com\/company\/casa-do-marques\/%20\" target=\"_blank\" rel=\"noopener\">linkedin<\/a>\t\t\t\t\t\t<\/span>\n\t\t\t\t\t\t\t\t<\/div>\n\t\t\t\t\t\t\t<\/div>\n\t\t\t\t<\/div>\n\t\t\t\t<\/div>\n\t\t\t\t<\/div>\n\t\t\t\t<\/div>\n\t\t\t\t<\/div>\n\t\t","protected":false},"excerpt":{"rendered":"<p>Corporate Events Casa do Marqu\u00eas More Information Events We specialize in customizing corporate and business events in Portugal. We take care of every detail so that your company stands out and provides a memorable experience. From catering to design and service, we ensure that every element reflects your brand identity, creating a unique and memorable [&hellip;]<\/p>\n","protected":false},"author":4,"featured_media":0,"parent":0,"menu_order":0,"comment_status":"closed","ping_status":"closed","template":"page-full-width.php","meta":{"pagelayer_contact_templates":[],"_pagelayer_content":"","footnotes":""},"class_list":["post-19465","page","type-page","status-publish","hentry"],"_links":{"self":[{"href":"https:\/\/www.casadomarques.pt\/en\/wp-json\/wp\/v2\/pages\/19465","targetHints":{"allow":["GET"]}}],"collection":[{"href":"https:\/\/www.casadomarques.pt\/en\/wp-json\/wp\/v2\/pages"}],"about":[{"href":"https:\/\/www.casadomarques.pt\/en\/wp-json\/wp\/v2\/types\/page"}],"author":[{"embeddable":true,"href":"https:\/\/www.casadomarques.pt\/en\/wp-json\/wp\/v2\/users\/4"}],"replies":[{"embeddable":true,"href":"https:\/\/www.casadomarques.pt\/en\/wp-json\/wp\/v2\/comments?post=19465"}],"version-history":[{"count":6,"href":"https:\/\/www.casadomarques.pt\/en\/wp-json\/wp\/v2\/pages\/19465\/revisions"}],"predecessor-version":[{"id":20785,"href":"https:\/\/www.casadomarques.pt\/en\/wp-json\/wp\/v2\/pages\/19465\/revisions\/20785"}],"wp:attachment":[{"href":"https:\/\/www.casadomarques.pt\/en\/wp-json\/wp\/v2\/media?parent=19465"}],"curies":[{"name":"wp","href":"https:\/\/api.w.org\/{rel}","templated":true}]}}