{"id":19381,"date":"2025-05-02T15:19:44","date_gmt":"2025-05-02T15:19:44","guid":{"rendered":"https:\/\/www.casadomarques.pt\/decoration-and-furnishings\/"},"modified":"2026-01-08T20:02:48","modified_gmt":"2026-01-08T20:02:48","slug":"decoration-and-furnishings","status":"publish","type":"page","link":"https:\/\/www.casadomarques.pt\/en\/services\/decoration-and-furnishings\/","title":{"rendered":"Decoration and Furnishings"},"content":{"rendered":"\t\t<div data-elementor-type=\"wp-page\" data-elementor-id=\"19381\" class=\"elementor elementor-19381 elementor-14343\" data-elementor-post-type=\"page\">\n\t\t\t\t<div class=\"elementor-element elementor-element-58297d1 e-con-full e-flex e-con e-parent\" data-id=\"58297d1\" data-element_type=\"container\" data-settings=\"{&quot;background_background&quot;:&quot;classic&quot;}\">\n\t\t\t\t<div class=\"elementor-element elementor-element-33dace3 elementor-widget elementor-widget-fidalgo_core_section_title\" data-id=\"33dace3\" data-element_type=\"widget\" data-widget_type=\"fidalgo_core_section_title.default\">\n\t\t\t\t<div class=\"elementor-widget-container\">\n\t\t\t\t\t<div class=\"qodef-shortcode qodef-m  qodef-section-title qodef-alignment--left  \">\n\t\t<h1 class=\"qodef-m-title\" >\n\t\t\t\t\tEvent Decoration and Furniture \t\t\t<\/h1>\n\t\t<p  class=\"qodef-m-subtitle\" style=\"color: #FFFFFF\">\n\t\tCasa do Marqu\u00eas\t<\/p >\n\t<\/div>\n\t\t\t\t<\/div>\n\t\t\t\t<\/div>\n\t\t\t\t<div class=\"elementor-element elementor-element-69390b5 elementor-widget__width-initial elementor-widget-mobile__width-inherit elementor-widget elementor-widget-fidalgo_core_info_section\" data-id=\"69390b5\" data-element_type=\"widget\" data-widget_type=\"fidalgo_core_info_section.default\">\n\t\t\t\t<div class=\"elementor-widget-container\">\n\t\t\t\t\t<div class=\"qodef-shortcode qodef-m header qodef-info-section qodef-layout--background-text  qodef-background-text-pos--center \">\n    <div class=\"qodef-m-info\">\n        <div class=\"qodef-m-title-holder\">\n                                <\/div>\n        <div class=\"qodef-m-text-holder\" style=\"margin-top: 10px\">\n            <div class=\"qodef-m-text-info\">\n        <div class=\"qodef-m-text\" style=\"--qode-info-color: #FFFFFF\"><p style=\"color: #ffffff\">At an event, every detail counts. <br>Decoration and furniture are not just visual elements, but part of the experience. From glasses, tablecloths, and napkins to centerpieces and furniture, every detail contributes to creating the ideal experience.<\/p><p style=\"color: #ffffff\">We believe that every event deserves a unique and inspiring setting. <\/p><\/div>\n    <\/div>\n        <\/div>\n\t\t\t<div class=\"qodef-m-button\">\n\t\t<a class=\"qodef-shortcode qodef-m  qodef-button qodef-layout--outlined  qodef-html--link\" href=\"#info\" target=\"_self\"  style=\"margin: 20px 0 0\">\t<span class=\"qodef-m-text\">More Information<\/span><\/a>\t<\/div>\n\t<\/div>\n<\/div>\t\t\t\t<\/div>\n\t\t\t\t<\/div>\n\t\t\t\t<\/div>\n\t\t<div class=\"elementor-element elementor-element-1c50b4b e-con-full qodef-elementor-content-grid e-flex e-con e-parent\" data-id=\"1c50b4b\" data-element_type=\"container\" id=\"info\">\n\t\t<div class=\"elementor-element elementor-element-3497375 e-con-full e-flex e-con e-child\" data-id=\"3497375\" data-element_type=\"container\">\n\t\t<div class=\"elementor-element elementor-element-a03a9fb e-con-full e-flex e-con e-child\" data-id=\"a03a9fb\" data-element_type=\"container\">\n\t\t\t\t<div class=\"elementor-element elementor-element-c8b5a1d elementor-widget__width-initial elementor-widget-tablet__width-inherit elementor-widget elementor-widget-fidalgo_core_info_section\" data-id=\"c8b5a1d\" data-element_type=\"widget\" data-widget_type=\"fidalgo_core_info_section.default\">\n\t\t\t\t<div class=\"elementor-widget-container\">\n\t\t\t\t\t<div class=\"qodef-shortcode qodef-m  qodef-info-section qodef-layout--background-text  qodef-background-text-pos--top-left \">\n    <div class=\"qodef-m-info\">\n        <div class=\"qodef-m-title-holder\">\n                        \t<h2 class=\"qodef-m-title\" >\n\t\tCustomized Furniture <br>and Decoration Solutions\t<\/h2>\n        <\/div>\n        <div class=\"qodef-m-text-holder\" style=\"margin-top: 10px\">\n                <\/div>\n\t\t\t<\/div>\n<\/div>\t\t\t\t<\/div>\n\t\t\t\t<\/div>\n\t\t\t\t<div class=\"elementor-element elementor-element-f723f7d elementor-widget elementor-widget-text-editor\" data-id=\"f723f7d\" data-element_type=\"widget\" data-widget_type=\"text-editor.default\">\n\t\t\t\t<div class=\"elementor-widget-container\">\n\t\t\t\t\t\t\t\t\t<p>At Casa do Marqu\u00eas, every detail is designed to transform a space into an unforgettable setting. From table and buffet decorations to floral arrangements and large decorative structures, everything is designed to reflect the style and purpose of each event.<br>We select tablecloths, centrepieces and decorative elements that harmonise with the environment, creating a coherent and sophisticated visual identity. The result is a balanced combination of aesthetics and functionality, which enhances the experience and reinforces the signature elegance that distinguishes Casa do Marqu\u00eas.Tablecloths and centerpieces<\/p>\t\t\t\t\t\t\t\t<\/div>\n\t\t\t\t<\/div>\n\t\t\t\t<\/div>\n\t\t\t\t<\/div>\n\t\t<div class=\"elementor-element elementor-element-15bcad9 e-con-full e-flex e-con e-child\" data-id=\"15bcad9\" data-element_type=\"container\">\n\t\t\t\t<div class=\"elementor-element elementor-element-2a1d37e elementor-widget elementor-widget-qi_addons_for_elementor_image_slider\" data-id=\"2a1d37e\" data-element_type=\"widget\" data-widget_type=\"qi_addons_for_elementor_image_slider.default\">\n\t\t\t\t<div class=\"elementor-widget-container\">\n\t\t\t\t\t<div class=\"qodef-shortcode qodef-m qodef-qi-image-slider qodef-qi-fslightbox-popup qodef-popup-gallery qodef-col-num--1 qodef-qi-grid qodef-qi-swiper-container qodef-navigation--inside qodef-navigation--hover-move\" data-options=\"{&quot;direction&quot;:&quot;horizontal&quot;,&quot;slidesPerView&quot;:&quot;1&quot;,&quot;spaceBetween&quot;:30,&quot;spaceBetweenTablet&quot;:30,&quot;spaceBetweenMobile&quot;:30,&quot;effect&quot;:&quot;slide&quot;,&quot;loop&quot;:true,&quot;autoplay&quot;:true,&quot;centeredSlides&quot;:false,&quot;speed&quot;:&quot;&quot;,&quot;speedAnimation&quot;:&quot;&quot;,&quot;outsideNavigation&quot;:&quot;no&quot;,&quot;outsidePagination&quot;:&quot;no&quot;,&quot;unique&quot;:380,&quot;partialValue&quot;:0,&quot;disablePartialValue&quot;:&quot;&quot;,&quot;parallax&quot;:&quot;no&quot;}\">\n\t<div class=\"swiper-wrapper\">\n\t\t<div class=\"qodef-e swiper-slide\">\n\t<div class=\"qodef-e-inner\">\n\t\t<div class=\"qodef-e-inner-holder\">\n\t\t\t\t\t\t\t<a class=\"qodef-popup-item\" itemprop=\"image\" href=\"https:\/\/www.casadomarques.pt\/wp-content\/uploads\/2025\/05\/mobiliario-e-decoracao-eventos-casa-do-marques-1.webp\" data-type=\"image\" data-fslightbox=\"gallery-380\" data-e-disable-page-transition=\u201dtrue\u201d>\n\t\t\t\t\t\t\t<img fetchpriority=\"high\" decoding=\"async\" width=\"650\" height=\"650\" src=\"https:\/\/www.casadomarques.pt\/wp-content\/uploads\/2025\/05\/mobiliario-e-decoracao-eventos-casa-do-marques-1-650x650.webp\" class=\"attachment-qi_addons_for_elementor_image_size_square size-qi_addons_for_elementor_image_size_square\" alt=\"Decora\u00e7\u00e3o e Mobili\u00e1rio para Eventos - Casa do Marqu\u00eas\" srcset=\"https:\/\/www.casadomarques.pt\/wp-content\/uploads\/2025\/05\/mobiliario-e-decoracao-eventos-casa-do-marques-1-650x650.webp 650w, https:\/\/www.casadomarques.pt\/wp-content\/uploads\/2025\/05\/mobiliario-e-decoracao-eventos-casa-do-marques-1-150x150.webp 150w, https:\/\/www.casadomarques.pt\/wp-content\/uploads\/2025\/05\/mobiliario-e-decoracao-eventos-casa-do-marques-1-300x300.webp 300w, https:\/\/www.casadomarques.pt\/wp-content\/uploads\/2025\/05\/mobiliario-e-decoracao-eventos-casa-do-marques-1-100x100.webp 100w\" sizes=\"(max-width: 650px) 100vw, 650px\" title=\"\">\t\t\t\t\t\t\t<\/a>\n\t\t\t\t\t<\/div>\n\t<\/div>\n\t<\/div>\n<div class=\"qodef-e swiper-slide\">\n\t<div class=\"qodef-e-inner\">\n\t\t<div class=\"qodef-e-inner-holder\">\n\t\t\t\t\t\t\t<a class=\"qodef-popup-item\" itemprop=\"image\" href=\"https:\/\/www.casadomarques.pt\/wp-content\/uploads\/2025\/05\/mobiliario-e-decoracao-eventos-casa-do-marques-2.webp\" data-type=\"image\" data-fslightbox=\"gallery-380\" data-e-disable-page-transition=\u201dtrue\u201d>\n\t\t\t\t\t\t\t<img decoding=\"async\" width=\"650\" height=\"650\" src=\"https:\/\/www.casadomarques.pt\/wp-content\/uploads\/2025\/05\/mobiliario-e-decoracao-eventos-casa-do-marques-2-650x650.webp\" class=\"attachment-qi_addons_for_elementor_image_size_square size-qi_addons_for_elementor_image_size_square\" alt=\"Decora\u00e7\u00e3o e Mobili\u00e1rio para Eventos - Casa do Marqu\u00eas\" srcset=\"https:\/\/www.casadomarques.pt\/wp-content\/uploads\/2025\/05\/mobiliario-e-decoracao-eventos-casa-do-marques-2-650x650.webp 650w, https:\/\/www.casadomarques.pt\/wp-content\/uploads\/2025\/05\/mobiliario-e-decoracao-eventos-casa-do-marques-2-150x150.webp 150w, https:\/\/www.casadomarques.pt\/wp-content\/uploads\/2025\/05\/mobiliario-e-decoracao-eventos-casa-do-marques-2-300x300.webp 300w, https:\/\/www.casadomarques.pt\/wp-content\/uploads\/2025\/05\/mobiliario-e-decoracao-eventos-casa-do-marques-2-100x100.webp 100w\" sizes=\"(max-width: 650px) 100vw, 650px\" title=\"\">\t\t\t\t\t\t\t<\/a>\n\t\t\t\t\t<\/div>\n\t<\/div>\n\t<\/div>\n<div class=\"qodef-e swiper-slide\">\n\t<div class=\"qodef-e-inner\">\n\t\t<div class=\"qodef-e-inner-holder\">\n\t\t\t\t\t\t\t<a class=\"qodef-popup-item\" itemprop=\"image\" href=\"https:\/\/www.casadomarques.pt\/wp-content\/uploads\/2025\/05\/mobiliario-e-decoracao-eventos-casa-do-marques-3.webp\" data-type=\"image\" data-fslightbox=\"gallery-380\" data-e-disable-page-transition=\u201dtrue\u201d>\n\t\t\t\t\t\t\t<img decoding=\"async\" width=\"650\" height=\"650\" src=\"https:\/\/www.casadomarques.pt\/wp-content\/uploads\/2025\/05\/mobiliario-e-decoracao-eventos-casa-do-marques-3-650x650.webp\" class=\"attachment-qi_addons_for_elementor_image_size_square size-qi_addons_for_elementor_image_size_square\" alt=\"Decora\u00e7\u00e3o e Mobili\u00e1rio para Eventos - Casa do Marqu\u00eas\" srcset=\"https:\/\/www.casadomarques.pt\/wp-content\/uploads\/2025\/05\/mobiliario-e-decoracao-eventos-casa-do-marques-3-650x650.webp 650w, https:\/\/www.casadomarques.pt\/wp-content\/uploads\/2025\/05\/mobiliario-e-decoracao-eventos-casa-do-marques-3-150x150.webp 150w, https:\/\/www.casadomarques.pt\/wp-content\/uploads\/2025\/05\/mobiliario-e-decoracao-eventos-casa-do-marques-3-300x300.webp 300w, https:\/\/www.casadomarques.pt\/wp-content\/uploads\/2025\/05\/mobiliario-e-decoracao-eventos-casa-do-marques-3-100x100.webp 100w\" sizes=\"(max-width: 650px) 100vw, 650px\" title=\"\">\t\t\t\t\t\t\t<\/a>\n\t\t\t\t\t<\/div>\n\t<\/div>\n\t<\/div>\n\t<\/div>\n\t\t<div class=\"swiper-button-prev\"><svg class=\"qodef-swiper-arrow-left\" xmlns=\"http:\/\/www.w3.org\/2000\/svg\" x=\"0px\" y=\"0px\" viewBox=\"0 0 34.2 32.3\" xml:space=\"preserve\" style=\"stroke-width: 2;\"><line x1=\"0.5\" y1=\"16\" x2=\"33.5\" y2=\"16\"\/><line x1=\"0.3\" y1=\"16.5\" x2=\"16.2\" y2=\"0.7\"\/><line x1=\"0\" y1=\"15.4\" x2=\"16.2\" y2=\"31.6\"\/><\/svg><\/div>\n\t<div class=\"swiper-button-next\"><svg class=\"qodef-swiper-arrow-right\" xmlns=\"http:\/\/www.w3.org\/2000\/svg\" x=\"0px\" y=\"0px\" viewBox=\"0 0 34.2 32.3\" xml:space=\"preserve\" style=\"stroke-width: 2;\"><line x1=\"0\" y1=\"16\" x2=\"33\" y2=\"16\"\/><line x1=\"17.3\" y1=\"0.7\" x2=\"33.2\" y2=\"16.5\"\/><line x1=\"17.3\" y1=\"31.6\" x2=\"33.5\" y2=\"15.4\"\/><\/svg><\/div>\n<\/div>\n\t\t\t\t<\/div>\n\t\t\t\t<\/div>\n\t\t\t\t<\/div>\n\t\t\t\t<\/div>\n\t\t<div class=\"elementor-element elementor-element-a7d1e20 e-con-full e-flex e-con e-parent\" data-id=\"a7d1e20\" data-element_type=\"container\">\n\t\t\t\t<div class=\"elementor-element elementor-element-d802bdb elementor-widget elementor-widget-fidalgo_core_section_title\" data-id=\"d802bdb\" data-element_type=\"widget\" data-widget_type=\"fidalgo_core_section_title.default\">\n\t\t\t\t<div class=\"elementor-widget-container\">\n\t\t\t\t\t<div class=\"qodef-shortcode qodef-m  qodef-section-title qodef-alignment--left  \">\n\t\t<h2 class=\"qodef-m-title\" >\n\t\t\t\t\tDecorations for all types of Events\t\t\t<\/h2>\n\t\t<\/div>\n\t\t\t\t<\/div>\n\t\t\t\t<\/div>\n\t\t\t\t<\/div>\n\t\t<div class=\"elementor-element elementor-element-0a7dc82 e-con-full e-flex e-con e-parent\" data-id=\"0a7dc82\" data-element_type=\"container\">\n\t\t\t\t<div class=\"elementor-element elementor-element-4f2f6b5 elementor-widget elementor-widget-fidalgo_core_image_gallery\" data-id=\"4f2f6b5\" data-element_type=\"widget\" data-widget_type=\"fidalgo_core_image_gallery.default\">\n\t\t\t\t<div class=\"elementor-widget-container\">\n\t\t\t\t\t    <div class=\"qodef-shortcode qodef-m  qodef-image-gallery qodef-magnific-popup qodef-popup-gallery    qodef-border-radius-predefined-none    qodef--has-hover qodef-grid qodef-swiper-container    qodef-col-num--3    qodef-responsive--predefined qodef-swiper--show-pagination\" style=\"--qode-gutter-custom: 0px;--qode-vertical-gutter-custom: 0px;--qode-gutter-custom-1512: 0px;--qode-vertical-gutter-custom-1512: 0px;--qode-gutter-custom-1200: 0px;--qode-vertical-gutter-custom-1200: 0px;--qode-gutter-custom-880: 0px;--qode-vertical-gutter-custom-880: 0px\" data-options=\"{&quot;spaceBetween&quot;:30,&quot;slidesPerView&quot;:&quot;3&quot;,&quot;loop&quot;:true,&quot;autoplay&quot;:true,&quot;speed&quot;:&quot;&quot;,&quot;speedAnimation&quot;:&quot;&quot;,&quot;slideAnimation&quot;:&quot;&quot;,&quot;direction&quot;:&quot;&quot;,&quot;centeredSlides&quot;:&quot;&quot;,&quot;sliderScroll&quot;:&quot;&quot;,&quot;loopedSlides&quot;:&quot;&quot;,&quot;hiddenSlides&quot;:&quot;&quot;,&quot;outsideNavigation&quot;:&quot;yes&quot;,&quot;partialColumn&quot;:&quot;&quot;,&quot;unique&quot;:837}\">\n        <div class=\"swiper-wrapper\">\n            <div class=\"qodef-e qodef-image-wrapper  swiper-slide \">\n\t\t\t<a class=\"qodef-popup-item qodef-round-borders-wrapper\" itemprop=\"image\" href=\"https:\/\/www.casadomarques.pt\/wp-content\/uploads\/2025\/11\/decoracao-centro-de-mesa-verrines.webp\" data-type=\"image\" title=\"Decora\u00e7\u00e3o de Centro de Mesa Verrines - Casa do Marqu\u00eas\">\n\t\t\t<div class=\"qodef-round-borders-wrapper-inner\">\n\t\t\t<img loading=\"lazy\" decoding=\"async\" src=\"https:\/\/www.casadomarques.pt\/wp-content\/uploads\/2025\/11\/decoracao-centro-de-mesa-verrines-970x640.webp\" alt=\"Decora\u00e7\u00e3o de Centro de Mesa Verrines - Casa do Marqu\u00eas\" width=\"970\" height=\"640\" data-ratio=\"1.515625\" title=\"\">\t\t<\/div>\n        \t\t\t<\/a>\n\t<\/div>\n<div class=\"qodef-e qodef-image-wrapper  swiper-slide \">\n\t\t\t<a class=\"qodef-popup-item qodef-round-borders-wrapper\" itemprop=\"image\" href=\"https:\/\/www.casadomarques.pt\/wp-content\/uploads\/2025\/11\/decoracao-centros-de-mesa-arriba.webp\" data-type=\"image\" title=\"Decora\u00e7\u00e3o de Centro de Mesa - Arriba - Casa do Marqu\u00eas\">\n\t\t\t<div class=\"qodef-round-borders-wrapper-inner\">\n\t\t\t<img loading=\"lazy\" decoding=\"async\" src=\"https:\/\/www.casadomarques.pt\/wp-content\/uploads\/2025\/11\/decoracao-centros-de-mesa-arriba-970x640.webp\" alt=\"Decora\u00e7\u00e3o de Centro de Mesa - Arriba - Casa do Marqu\u00eas\" width=\"970\" height=\"640\" data-ratio=\"1.515625\" title=\"\">\t\t<\/div>\n        \t\t\t<\/a>\n\t<\/div>\n<div class=\"qodef-e qodef-image-wrapper  swiper-slide \">\n\t\t\t<a class=\"qodef-popup-item qodef-round-borders-wrapper\" itemprop=\"image\" href=\"https:\/\/www.casadomarques.pt\/wp-content\/uploads\/2025\/11\/decoracao-centros-de-mesa-casa-do-marques-1.webp\" data-type=\"image\" title=\"Decora\u00e7\u00e3o de Centro de Mesa - Casa do Marqu\u00eas\">\n\t\t\t<div class=\"qodef-round-borders-wrapper-inner\">\n\t\t\t<img loading=\"lazy\" decoding=\"async\" src=\"https:\/\/www.casadomarques.pt\/wp-content\/uploads\/2025\/11\/decoracao-centros-de-mesa-casa-do-marques-1-970x640.webp\" alt=\"Decora\u00e7\u00e3o de Centro de Mesa - Casa do Marqu\u00eas\" width=\"970\" height=\"640\" data-ratio=\"1.515625\" title=\"\">\t\t<\/div>\n        \t\t\t<\/a>\n\t<\/div>\n<div class=\"qodef-e qodef-image-wrapper  swiper-slide \">\n\t\t\t<a class=\"qodef-popup-item qodef-round-borders-wrapper\" itemprop=\"image\" href=\"https:\/\/www.casadomarques.pt\/wp-content\/uploads\/2025\/11\/decoracao-centros-de-mesa-casa-do-marques-2.webp\" data-type=\"image\" title=\"Decora\u00e7\u00e3o de Centro de Mesa - Casa do Marqu\u00eas\">\n\t\t\t<div class=\"qodef-round-borders-wrapper-inner\">\n\t\t\t<img loading=\"lazy\" decoding=\"async\" src=\"https:\/\/www.casadomarques.pt\/wp-content\/uploads\/2025\/11\/decoracao-centros-de-mesa-casa-do-marques-2-970x640.webp\" alt=\"Decora\u00e7\u00e3o de Centro de Mesa - Casa do Marqu\u00eas\" width=\"970\" height=\"640\" data-ratio=\"1.515625\" title=\"\">\t\t<\/div>\n        \t\t\t<\/a>\n\t<\/div>\n<div class=\"qodef-e qodef-image-wrapper  swiper-slide \">\n\t\t\t<a class=\"qodef-popup-item qodef-round-borders-wrapper\" itemprop=\"image\" href=\"https:\/\/www.casadomarques.pt\/wp-content\/uploads\/2025\/11\/decoracao-centros-de-mesa-casa-do-marques-3.webp\" data-type=\"image\" title=\"Decora\u00e7\u00e3o de Centro de Mesa - Casa do Marqu\u00eas\">\n\t\t\t<div class=\"qodef-round-borders-wrapper-inner\">\n\t\t\t<img loading=\"lazy\" decoding=\"async\" src=\"https:\/\/www.casadomarques.pt\/wp-content\/uploads\/2025\/11\/decoracao-centros-de-mesa-casa-do-marques-3-970x640.webp\" alt=\"Decora\u00e7\u00e3o de Centro de Mesa - Casa do Marqu\u00eas\" width=\"970\" height=\"640\" data-ratio=\"1.515625\" title=\"\">\t\t<\/div>\n        \t\t\t<\/a>\n\t<\/div>\n<div class=\"qodef-e qodef-image-wrapper  swiper-slide \">\n\t\t\t<a class=\"qodef-popup-item qodef-round-borders-wrapper\" itemprop=\"image\" href=\"https:\/\/www.casadomarques.pt\/wp-content\/uploads\/2025\/11\/decoracao-centros-de-mesa-casa-do-marques-4.webp\" data-type=\"image\" title=\"Decora\u00e7\u00e3o de Centro de Mesa - Casa do Marqu\u00eas\">\n\t\t\t<div class=\"qodef-round-borders-wrapper-inner\">\n\t\t\t<img loading=\"lazy\" decoding=\"async\" src=\"https:\/\/www.casadomarques.pt\/wp-content\/uploads\/2025\/11\/decoracao-centros-de-mesa-casa-do-marques-4-970x640.webp\" alt=\"Decora\u00e7\u00e3o de Centro de Mesa - Casa do Marqu\u00eas\" width=\"970\" height=\"640\" data-ratio=\"1.515625\" title=\"\">\t\t<\/div>\n        \t\t\t<\/a>\n\t<\/div>\n<div class=\"qodef-e qodef-image-wrapper  swiper-slide \">\n\t\t\t<a class=\"qodef-popup-item qodef-round-borders-wrapper\" itemprop=\"image\" href=\"https:\/\/www.casadomarques.pt\/wp-content\/uploads\/2025\/11\/decoracao-centros-de-mesa-casa-do-marques-5.webp\" data-type=\"image\" title=\"Decora\u00e7\u00e3o de Centro de Mesa - Casa do Marqu\u00eas\">\n\t\t\t<div class=\"qodef-round-borders-wrapper-inner\">\n\t\t\t<img loading=\"lazy\" decoding=\"async\" src=\"https:\/\/www.casadomarques.pt\/wp-content\/uploads\/2025\/11\/decoracao-centros-de-mesa-casa-do-marques-5-970x640.webp\" alt=\"Decora\u00e7\u00e3o de Centro de Mesa - Casa do Marqu\u00eas\" width=\"970\" height=\"640\" data-ratio=\"1.515625\" title=\"\">\t\t<\/div>\n        \t\t\t<\/a>\n\t<\/div>\n<div class=\"qodef-e qodef-image-wrapper  swiper-slide \">\n\t\t\t<a class=\"qodef-popup-item qodef-round-borders-wrapper\" itemprop=\"image\" href=\"https:\/\/www.casadomarques.pt\/wp-content\/uploads\/2025\/11\/decoracao-mesas-mobiliario-casa-do-marques-1.webp\" data-type=\"image\" title=\"Decora\u00e7\u00e3o de Mesas - Mobili\u00e1rio - Casa do Marqu\u00eas\">\n\t\t\t<div class=\"qodef-round-borders-wrapper-inner\">\n\t\t\t<img loading=\"lazy\" decoding=\"async\" src=\"https:\/\/www.casadomarques.pt\/wp-content\/uploads\/2025\/11\/decoracao-mesas-mobiliario-casa-do-marques-1-970x640.webp\" alt=\"Decora\u00e7\u00e3o de Mesas - Mobili\u00e1rio - Casa do Marqu\u00eas\" width=\"970\" height=\"640\" data-ratio=\"1.515625\" title=\"\">\t\t<\/div>\n        \t\t\t<\/a>\n\t<\/div>\n<div class=\"qodef-e qodef-image-wrapper  swiper-slide \">\n\t\t\t<a class=\"qodef-popup-item qodef-round-borders-wrapper\" itemprop=\"image\" href=\"https:\/\/www.casadomarques.pt\/wp-content\/uploads\/2025\/11\/decoracao-mesas-mobiliario-casa-do-marques-2.webp\" data-type=\"image\" title=\"Decora\u00e7\u00e3o de Mesas - Mobili\u00e1rio - Casa do Marqu\u00eas\">\n\t\t\t<div class=\"qodef-round-borders-wrapper-inner\">\n\t\t\t<img loading=\"lazy\" decoding=\"async\" src=\"https:\/\/www.casadomarques.pt\/wp-content\/uploads\/2025\/11\/decoracao-mesas-mobiliario-casa-do-marques-2-970x640.webp\" alt=\"Decora\u00e7\u00e3o de Mesas - Mobili\u00e1rio - Casa do Marqu\u00eas\" width=\"970\" height=\"640\" data-ratio=\"1.515625\" title=\"\">\t\t<\/div>\n        \t\t\t<\/a>\n\t<\/div>\n<div class=\"qodef-e qodef-image-wrapper  swiper-slide \">\n\t\t\t<a class=\"qodef-popup-item qodef-round-borders-wrapper\" itemprop=\"image\" href=\"https:\/\/www.casadomarques.pt\/wp-content\/uploads\/2025\/11\/decoracao-mesas-mobiliario-casa-do-marques-3.webp\" data-type=\"image\" title=\"Decora\u00e7\u00e3o de Mesas - Mobili\u00e1rio - Casa do Marqu\u00eas\">\n\t\t\t<div class=\"qodef-round-borders-wrapper-inner\">\n\t\t\t<img loading=\"lazy\" decoding=\"async\" src=\"https:\/\/www.casadomarques.pt\/wp-content\/uploads\/2025\/11\/decoracao-mesas-mobiliario-casa-do-marques-3-970x640.webp\" alt=\"Decora\u00e7\u00e3o de Mesas - Mobili\u00e1rio - Casa do Marqu\u00eas\" width=\"970\" height=\"640\" data-ratio=\"1.515625\" title=\"\">\t\t<\/div>\n        \t\t\t<\/a>\n\t<\/div>\n<div class=\"qodef-e qodef-image-wrapper  swiper-slide \">\n\t\t\t<a class=\"qodef-popup-item qodef-round-borders-wrapper\" itemprop=\"image\" href=\"https:\/\/www.casadomarques.pt\/wp-content\/uploads\/2025\/11\/decoracao-mesas-mobiliario-casa-do-marques-4.webp\" data-type=\"image\" title=\"Decora\u00e7\u00e3o de Mesas - Mobili\u00e1rio - Casa do Marqu\u00eas\">\n\t\t\t<div class=\"qodef-round-borders-wrapper-inner\">\n\t\t\t<img loading=\"lazy\" decoding=\"async\" src=\"https:\/\/www.casadomarques.pt\/wp-content\/uploads\/2025\/11\/decoracao-mesas-mobiliario-casa-do-marques-4-970x640.webp\" alt=\"Decora\u00e7\u00e3o de Mesas - Mobili\u00e1rio - Casa do Marqu\u00eas\" width=\"970\" height=\"640\" data-ratio=\"1.515625\" title=\"\">\t\t<\/div>\n        \t\t\t<\/a>\n\t<\/div>\n<div class=\"qodef-e qodef-image-wrapper  swiper-slide \">\n\t\t\t<a class=\"qodef-popup-item qodef-round-borders-wrapper\" itemprop=\"image\" href=\"https:\/\/www.casadomarques.pt\/wp-content\/uploads\/2025\/11\/decoracao-mesas-mobiliario-casa-do-marques-5.webp\" data-type=\"image\" title=\"Decora\u00e7\u00e3o de Mesas - Mobili\u00e1rio - Casa do Marqu\u00eas\">\n\t\t\t<div class=\"qodef-round-borders-wrapper-inner\">\n\t\t\t<img loading=\"lazy\" decoding=\"async\" src=\"https:\/\/www.casadomarques.pt\/wp-content\/uploads\/2025\/11\/decoracao-mesas-mobiliario-casa-do-marques-5-970x640.webp\" alt=\"Decora\u00e7\u00e3o de Mesas - Mobili\u00e1rio - Casa do Marqu\u00eas\" width=\"970\" height=\"640\" data-ratio=\"1.515625\" title=\"\">\t\t<\/div>\n        \t\t\t<\/a>\n\t<\/div>\n<div class=\"qodef-e qodef-image-wrapper  swiper-slide \">\n\t\t\t<a class=\"qodef-popup-item qodef-round-borders-wrapper\" itemprop=\"image\" href=\"https:\/\/www.casadomarques.pt\/wp-content\/uploads\/2025\/11\/decoracao-mesas-mobiliario-casa-do-marques-6.webp\" data-type=\"image\" title=\"Decora\u00e7\u00e3o de Mesas - Mobili\u00e1rio - Casa do Marqu\u00eas\">\n\t\t\t<div class=\"qodef-round-borders-wrapper-inner\">\n\t\t\t<img loading=\"lazy\" decoding=\"async\" src=\"https:\/\/www.casadomarques.pt\/wp-content\/uploads\/2025\/11\/decoracao-mesas-mobiliario-casa-do-marques-6-970x640.webp\" alt=\"Decora\u00e7\u00e3o de Mesas - Mobili\u00e1rio - Casa do Marqu\u00eas\" width=\"970\" height=\"640\" data-ratio=\"1.515625\" title=\"\">\t\t<\/div>\n        \t\t\t<\/a>\n\t<\/div>\n<div class=\"qodef-e qodef-image-wrapper  swiper-slide \">\n\t\t\t<a class=\"qodef-popup-item qodef-round-borders-wrapper\" itemprop=\"image\" href=\"https:\/\/www.casadomarques.pt\/wp-content\/uploads\/2025\/11\/mobiliario-e-mobiliario-casa-do-marques-1.webp\" data-type=\"image\" title=\"Mobili\u00e1rio da Casa do Marqu\u00eas\">\n\t\t\t<div class=\"qodef-round-borders-wrapper-inner\">\n\t\t\t<img loading=\"lazy\" decoding=\"async\" src=\"https:\/\/www.casadomarques.pt\/wp-content\/uploads\/2025\/11\/mobiliario-e-mobiliario-casa-do-marques-1-970x640.webp\" alt=\"Mobili\u00e1rio da Casa do Marqu\u00eas\" width=\"970\" height=\"640\" data-ratio=\"1.515625\" title=\"\">\t\t<\/div>\n        \t\t\t<\/a>\n\t<\/div>\n<div class=\"qodef-e qodef-image-wrapper  swiper-slide \">\n\t\t\t<a class=\"qodef-popup-item qodef-round-borders-wrapper\" itemprop=\"image\" href=\"https:\/\/www.casadomarques.pt\/wp-content\/uploads\/2025\/11\/mobiliario-e-mobiliario-casa-do-marques-2.webp\" data-type=\"image\" title=\"Mobili\u00e1rio da Casa do Marqu\u00eas\">\n\t\t\t<div class=\"qodef-round-borders-wrapper-inner\">\n\t\t\t<img loading=\"lazy\" decoding=\"async\" src=\"https:\/\/www.casadomarques.pt\/wp-content\/uploads\/2025\/11\/mobiliario-e-mobiliario-casa-do-marques-2-970x640.webp\" alt=\"Mobili\u00e1rio da Casa do Marqu\u00eas\" width=\"970\" height=\"640\" data-ratio=\"1.515625\" title=\"\">\t\t<\/div>\n        \t\t\t<\/a>\n\t<\/div>\n<div class=\"qodef-e qodef-image-wrapper  swiper-slide \">\n\t\t\t<a class=\"qodef-popup-item qodef-round-borders-wrapper\" itemprop=\"image\" href=\"https:\/\/www.casadomarques.pt\/wp-content\/uploads\/2025\/11\/mobiliario-e-mobiliario-casa-do-marques-3.webp\" data-type=\"image\" title=\"Mobili\u00e1rio da Casa do Marqu\u00eas\">\n\t\t\t<div class=\"qodef-round-borders-wrapper-inner\">\n\t\t\t<img loading=\"lazy\" decoding=\"async\" src=\"https:\/\/www.casadomarques.pt\/wp-content\/uploads\/2025\/11\/mobiliario-e-mobiliario-casa-do-marques-3-970x640.webp\" alt=\"Mobili\u00e1rio da Casa do Marqu\u00eas\" width=\"970\" height=\"640\" data-ratio=\"1.515625\" title=\"\">\t\t<\/div>\n        \t\t\t<\/a>\n\t<\/div>\n<div class=\"qodef-e qodef-image-wrapper  swiper-slide \">\n\t\t\t<a class=\"qodef-popup-item qodef-round-borders-wrapper\" itemprop=\"image\" href=\"https:\/\/www.casadomarques.pt\/wp-content\/uploads\/2025\/11\/mobiliario-e-mobiliario-casa-do-marques-4.webp\" data-type=\"image\" title=\"Mobili\u00e1rio da Casa do Marqu\u00eas\">\n\t\t\t<div class=\"qodef-round-borders-wrapper-inner\">\n\t\t\t<img loading=\"lazy\" decoding=\"async\" src=\"https:\/\/www.casadomarques.pt\/wp-content\/uploads\/2025\/11\/mobiliario-e-mobiliario-casa-do-marques-4-970x640.webp\" alt=\"Mobili\u00e1rio da Casa do Marqu\u00eas\" width=\"970\" height=\"640\" data-ratio=\"1.515625\" title=\"\">\t\t<\/div>\n        \t\t\t<\/a>\n\t<\/div>\n<div class=\"qodef-e qodef-image-wrapper  swiper-slide \">\n\t\t\t<a class=\"qodef-popup-item qodef-round-borders-wrapper\" itemprop=\"image\" href=\"https:\/\/www.casadomarques.pt\/wp-content\/uploads\/2025\/11\/mobiliario-e-mobiliario-casa-do-marques-5.webp\" data-type=\"image\" title=\"Mobili\u00e1rio da Casa do Marqu\u00eas\">\n\t\t\t<div class=\"qodef-round-borders-wrapper-inner\">\n\t\t\t<img loading=\"lazy\" decoding=\"async\" src=\"https:\/\/www.casadomarques.pt\/wp-content\/uploads\/2025\/11\/mobiliario-e-mobiliario-casa-do-marques-5-970x640.webp\" alt=\"Mobili\u00e1rio da Casa do Marqu\u00eas\" width=\"970\" height=\"640\" data-ratio=\"1.515625\" title=\"\">\t\t<\/div>\n        \t\t\t<\/a>\n\t<\/div>\n<div class=\"qodef-e qodef-image-wrapper  swiper-slide \">\n\t\t\t<a class=\"qodef-popup-item qodef-round-borders-wrapper\" itemprop=\"image\" href=\"https:\/\/www.casadomarques.pt\/wp-content\/uploads\/2025\/11\/mobiliario-e-mobiliario-casa-do-marques-6.webp\" data-type=\"image\" title=\"Mobili\u00e1rio da Casa do Marqu\u00eas\">\n\t\t\t<div class=\"qodef-round-borders-wrapper-inner\">\n\t\t\t<img loading=\"lazy\" decoding=\"async\" src=\"https:\/\/www.casadomarques.pt\/wp-content\/uploads\/2025\/11\/mobiliario-e-mobiliario-casa-do-marques-6-970x640.webp\" alt=\"Mobili\u00e1rio da Casa do Marqu\u00eas\" width=\"970\" height=\"640\" data-ratio=\"1.515625\" title=\"\">\t\t<\/div>\n        \t\t\t<\/a>\n\t<\/div>\n<div class=\"qodef-e qodef-image-wrapper  swiper-slide \">\n\t\t\t<a class=\"qodef-popup-item qodef-round-borders-wrapper\" itemprop=\"image\" href=\"https:\/\/www.casadomarques.pt\/wp-content\/uploads\/2025\/11\/mobiliario-e-mobiliario-casa-do-marques-7.webp\" data-type=\"image\" title=\"Mobili\u00e1rio da Casa do Marqu\u00eas\">\n\t\t\t<div class=\"qodef-round-borders-wrapper-inner\">\n\t\t\t<img loading=\"lazy\" decoding=\"async\" src=\"https:\/\/www.casadomarques.pt\/wp-content\/uploads\/2025\/11\/mobiliario-e-mobiliario-casa-do-marques-7-970x640.webp\" alt=\"Mobili\u00e1rio da Casa do Marqu\u00eas\" width=\"970\" height=\"640\" data-ratio=\"1.515625\" title=\"\">\t\t<\/div>\n        \t\t\t<\/a>\n\t<\/div>\n<div class=\"qodef-e qodef-image-wrapper  swiper-slide \">\n\t\t\t<a class=\"qodef-popup-item qodef-round-borders-wrapper\" itemprop=\"image\" href=\"https:\/\/www.casadomarques.pt\/wp-content\/uploads\/2025\/11\/mobiliario-e-mobiliario-casa-do-marques-8.webp\" data-type=\"image\" title=\"Mobili\u00e1rio da Casa do Marqu\u00eas\">\n\t\t\t<div class=\"qodef-round-borders-wrapper-inner\">\n\t\t\t<img loading=\"lazy\" decoding=\"async\" src=\"https:\/\/www.casadomarques.pt\/wp-content\/uploads\/2025\/11\/mobiliario-e-mobiliario-casa-do-marques-8-970x640.webp\" alt=\"Mobili\u00e1rio da Casa do Marqu\u00eas\" width=\"970\" height=\"640\" data-ratio=\"1.515625\" title=\"\">\t\t<\/div>\n        \t\t\t<\/a>\n\t<\/div>\n<div class=\"qodef-e qodef-image-wrapper  swiper-slide \">\n\t\t\t<a class=\"qodef-popup-item qodef-round-borders-wrapper\" itemprop=\"image\" href=\"https:\/\/www.casadomarques.pt\/wp-content\/uploads\/2025\/11\/mobiliario-e-mobiliario-casa-do-marques-9.webp\" data-type=\"image\" title=\"Mobili\u00e1rio da Casa do Marqu\u00eas\">\n\t\t\t<div class=\"qodef-round-borders-wrapper-inner\">\n\t\t\t<img loading=\"lazy\" decoding=\"async\" src=\"https:\/\/www.casadomarques.pt\/wp-content\/uploads\/2025\/11\/mobiliario-e-mobiliario-casa-do-marques-9-970x640.webp\" alt=\"Mobili\u00e1rio da Casa do Marqu\u00eas\" width=\"970\" height=\"640\" data-ratio=\"1.515625\" title=\"\">\t\t<\/div>\n        \t\t\t<\/a>\n\t<\/div>\n<div class=\"qodef-e qodef-image-wrapper  swiper-slide \">\n\t\t\t<a class=\"qodef-popup-item qodef-round-borders-wrapper\" itemprop=\"image\" href=\"https:\/\/www.casadomarques.pt\/wp-content\/uploads\/2025\/11\/mobiliario-e-mobiliario-casa-do-marques-10.webp\" data-type=\"image\" title=\"Mobili\u00e1rio da Casa do Marqu\u00eas\">\n\t\t\t<div class=\"qodef-round-borders-wrapper-inner\">\n\t\t\t<img loading=\"lazy\" decoding=\"async\" src=\"https:\/\/www.casadomarques.pt\/wp-content\/uploads\/2025\/11\/mobiliario-e-mobiliario-casa-do-marques-10-970x640.webp\" alt=\"Mobili\u00e1rio da Casa do Marqu\u00eas\" width=\"970\" height=\"640\" data-ratio=\"1.515625\" title=\"\">\t\t<\/div>\n        \t\t\t<\/a>\n\t<\/div>\n<div class=\"qodef-e qodef-image-wrapper  swiper-slide \">\n\t\t\t<a class=\"qodef-popup-item qodef-round-borders-wrapper\" itemprop=\"image\" href=\"https:\/\/www.casadomarques.pt\/wp-content\/uploads\/2025\/11\/mobiliario-e-mobiliario-casa-do-marques-11.webp\" data-type=\"image\" title=\"Mobili\u00e1rio da Casa do Marqu\u00eas\">\n\t\t\t<div class=\"qodef-round-borders-wrapper-inner\">\n\t\t\t<img loading=\"lazy\" decoding=\"async\" src=\"https:\/\/www.casadomarques.pt\/wp-content\/uploads\/2025\/11\/mobiliario-e-mobiliario-casa-do-marques-11-970x640.webp\" alt=\"Mobili\u00e1rio da Casa do Marqu\u00eas\" width=\"970\" height=\"640\" data-ratio=\"1.515625\" title=\"\">\t\t<\/div>\n        \t\t\t<\/a>\n\t<\/div>\n<div class=\"qodef-e qodef-image-wrapper  swiper-slide \">\n\t\t\t<a class=\"qodef-popup-item qodef-round-borders-wrapper\" itemprop=\"image\" href=\"https:\/\/www.casadomarques.pt\/wp-content\/uploads\/2025\/11\/mobiliario-e-mobiliario-casa-do-marques-12.webp\" data-type=\"image\" title=\"Mobili\u00e1rio da Casa do Marqu\u00eas\">\n\t\t\t<div class=\"qodef-round-borders-wrapper-inner\">\n\t\t\t<img loading=\"lazy\" decoding=\"async\" src=\"https:\/\/www.casadomarques.pt\/wp-content\/uploads\/2025\/11\/mobiliario-e-mobiliario-casa-do-marques-12-970x640.webp\" alt=\"Mobili\u00e1rio da Casa do Marqu\u00eas\" width=\"970\" height=\"640\" data-ratio=\"1.515625\" title=\"\">\t\t<\/div>\n        \t\t\t<\/a>\n\t<\/div>\n<div class=\"qodef-e qodef-image-wrapper  swiper-slide \">\n\t\t\t<a class=\"qodef-popup-item qodef-round-borders-wrapper\" itemprop=\"image\" href=\"https:\/\/www.casadomarques.pt\/wp-content\/uploads\/2025\/11\/mobiliario-e-mobiliario-casa-do-marques-13.webp\" data-type=\"image\" title=\"Mobili\u00e1rio da Casa do Marqu\u00eas\">\n\t\t\t<div class=\"qodef-round-borders-wrapper-inner\">\n\t\t\t<img loading=\"lazy\" decoding=\"async\" src=\"https:\/\/www.casadomarques.pt\/wp-content\/uploads\/2025\/11\/mobiliario-e-mobiliario-casa-do-marques-13-970x640.webp\" alt=\"Mobili\u00e1rio da Casa do Marqu\u00eas\" width=\"970\" height=\"640\" data-ratio=\"1.515625\" title=\"\">\t\t<\/div>\n        \t\t\t<\/a>\n\t<\/div>\n<div class=\"qodef-e qodef-image-wrapper  swiper-slide \">\n\t\t\t<a class=\"qodef-popup-item qodef-round-borders-wrapper\" itemprop=\"image\" href=\"https:\/\/www.casadomarques.pt\/wp-content\/uploads\/2025\/11\/mobiliario-e-mobiliario-casa-do-marques-14.webp\" data-type=\"image\" title=\"Mobili\u00e1rio da Casa do Marqu\u00eas\">\n\t\t\t<div class=\"qodef-round-borders-wrapper-inner\">\n\t\t\t<img loading=\"lazy\" decoding=\"async\" src=\"https:\/\/www.casadomarques.pt\/wp-content\/uploads\/2025\/11\/mobiliario-e-mobiliario-casa-do-marques-14-970x640.webp\" alt=\"Mobili\u00e1rio da Casa do Marqu\u00eas\" width=\"970\" height=\"640\" data-ratio=\"1.515625\" title=\"\">\t\t<\/div>\n        \t\t\t<\/a>\n\t<\/div>\n<div class=\"qodef-e qodef-image-wrapper  swiper-slide \">\n\t\t\t<a class=\"qodef-popup-item qodef-round-borders-wrapper\" itemprop=\"image\" href=\"https:\/\/www.casadomarques.pt\/wp-content\/uploads\/2025\/11\/mobiliario-e-mobiliario-casa-do-marques-15.webp\" data-type=\"image\" title=\"Mobili\u00e1rio da Casa do Marqu\u00eas\">\n\t\t\t<div class=\"qodef-round-borders-wrapper-inner\">\n\t\t\t<img loading=\"lazy\" decoding=\"async\" src=\"https:\/\/www.casadomarques.pt\/wp-content\/uploads\/2025\/11\/mobiliario-e-mobiliario-casa-do-marques-15-970x640.webp\" alt=\"Mobili\u00e1rio da Casa do Marqu\u00eas\" width=\"970\" height=\"640\" data-ratio=\"1.515625\" title=\"\">\t\t<\/div>\n        \t\t\t<\/a>\n\t<\/div>\n<div class=\"qodef-e qodef-image-wrapper  swiper-slide \">\n\t\t\t<a class=\"qodef-popup-item qodef-round-borders-wrapper\" itemprop=\"image\" href=\"https:\/\/www.casadomarques.pt\/wp-content\/uploads\/2025\/11\/mobiliario-e-mobiliario-casa-do-marques-16.webp\" data-type=\"image\" title=\"Mobili\u00e1rio da Casa do Marqu\u00eas\">\n\t\t\t<div class=\"qodef-round-borders-wrapper-inner\">\n\t\t\t<img loading=\"lazy\" decoding=\"async\" src=\"https:\/\/www.casadomarques.pt\/wp-content\/uploads\/2025\/11\/mobiliario-e-mobiliario-casa-do-marques-16-970x640.webp\" alt=\"Mobili\u00e1rio da Casa do Marqu\u00eas\" width=\"970\" height=\"640\" data-ratio=\"1.515625\" title=\"\">\t\t<\/div>\n        \t\t\t<\/a>\n\t<\/div>\n<div class=\"qodef-e qodef-image-wrapper  swiper-slide \">\n\t\t\t<a class=\"qodef-popup-item qodef-round-borders-wrapper\" itemprop=\"image\" href=\"https:\/\/www.casadomarques.pt\/wp-content\/uploads\/2025\/11\/mobiliario-e-mobiliario-casa-do-marques-17.webp\" data-type=\"image\" title=\"Mobili\u00e1rio da Casa do Marqu\u00eas\">\n\t\t\t<div class=\"qodef-round-borders-wrapper-inner\">\n\t\t\t<img loading=\"lazy\" decoding=\"async\" src=\"https:\/\/www.casadomarques.pt\/wp-content\/uploads\/2025\/11\/mobiliario-e-mobiliario-casa-do-marques-17-970x640.webp\" alt=\"Mobili\u00e1rio da Casa do Marqu\u00eas\" width=\"970\" height=\"640\" data-ratio=\"1.515625\" title=\"\">\t\t<\/div>\n        \t\t\t<\/a>\n\t<\/div>\n<div class=\"qodef-e qodef-image-wrapper  swiper-slide \">\n\t\t\t<a class=\"qodef-popup-item qodef-round-borders-wrapper\" itemprop=\"image\" href=\"https:\/\/www.casadomarques.pt\/wp-content\/uploads\/2025\/11\/mobiliario-e-mobiliario-casa-do-marques-18.webp\" data-type=\"image\" title=\"Mobili\u00e1rio da Casa do Marqu\u00eas\">\n\t\t\t<div class=\"qodef-round-borders-wrapper-inner\">\n\t\t\t<img loading=\"lazy\" decoding=\"async\" src=\"https:\/\/www.casadomarques.pt\/wp-content\/uploads\/2025\/11\/mobiliario-e-mobiliario-casa-do-marques-18-970x640.webp\" alt=\"Mobili\u00e1rio da Casa do Marqu\u00eas\" width=\"970\" height=\"640\" data-ratio=\"1.515625\" title=\"\">\t\t<\/div>\n        \t\t\t<\/a>\n\t<\/div>\n        <\/div>\n        \t<div class=\"swiper-button-prev swiper-button-outside swiper-button-prev-837\"><svg class=\"qodef-svg--slider-arrow-left\"  xmlns=\"http:\/\/www.w3.org\/2000\/svg\" width=\"29.457\" height=\"57.914\"><g fill=\"none\" stroke=\"currentColor\" stroke-linecap=\"round\" stroke-linejoin=\"round\"><path d=\"M28.75.707.5 28.957l28.25 28.25\"\/><path d=\"M 18.75 39.682 L 8.11 29.043 l 10.64 -10.64\"\/><\/g><\/svg><\/div>\n\t<div class=\"swiper-button-next swiper-button-outside swiper-button-next-837\"><svg class=\"qodef-svg--slider-arrow-right\" xmlns=\"http:\/\/www.w3.org\/2000\/svg\" width=\"29.457\" height=\"57.914\"><g fill=\"none\" stroke=\"currentColor\" stroke-linecap=\"round\" stroke-linejoin=\"round\"><path d=\"m.707 57.207 28.25-28.25L.707.707\"\/><path d=\"m10.707 39.596 10.64-10.639-10.64-10.64\" \/><\/g><\/svg><\/div>\n        \t<div class=\"swiper-pagination\"><\/div>\n    <\/div>\n\t\t\t\t<\/div>\n\t\t\t\t<\/div>\n\t\t\t\t<\/div>\n\t\t<div class=\"elementor-element elementor-element-06ce830 e-con-full e-flex e-con e-parent\" data-id=\"06ce830\" data-element_type=\"container\">\n\t\t\t\t<div class=\"elementor-element elementor-element-3808c3c elementor-widget elementor-widget-fidalgo_core_section_title\" data-id=\"3808c3c\" data-element_type=\"widget\" data-widget_type=\"fidalgo_core_section_title.default\">\n\t\t\t\t<div class=\"elementor-widget-container\">\n\t\t\t\t\t<div class=\"qodef-shortcode qodef-m  qodef-section-title qodef-alignment--left  \">\n\t\t<h2 class=\"qodef-m-title\" >\n\t\t\t\t\tWhy choose Casa do Marqu\u00eas?\t\t\t<\/h2>\n\t\t<\/div>\n\t\t\t\t<\/div>\n\t\t\t\t<\/div>\n\t\t\t\t<div class=\"elementor-element elementor-element-bedc012 elementor-align-start elementor-icon-list--layout-traditional elementor-list-item-link-full_width elementor-widget elementor-widget-icon-list\" data-id=\"bedc012\" data-element_type=\"widget\" data-widget_type=\"icon-list.default\">\n\t\t\t\t<div class=\"elementor-widget-container\">\n\t\t\t\t\t\t\t<ul class=\"elementor-icon-list-items\">\n\t\t\t\t\t\t\t<li class=\"elementor-icon-list-item\">\n\t\t\t\t\t\t\t\t\t\t\t<span class=\"elementor-icon-list-icon\">\n\t\t\t\t\t\t\t<svg aria-hidden=\"true\" class=\"e-font-icon-svg e-fas-check\" viewBox=\"0 0 512 512\" xmlns=\"http:\/\/www.w3.org\/2000\/svg\"><path d=\"M173.898 439.404l-166.4-166.4c-9.997-9.997-9.997-26.206 0-36.204l36.203-36.204c9.997-9.998 26.207-9.998 36.204 0L192 312.69 432.095 72.596c9.997-9.997 26.207-9.997 36.204 0l36.203 36.204c9.997 9.997 9.997 26.206 0 36.204l-294.4 294.401c-9.998 9.997-26.207 9.997-36.204-.001z\"><\/path><\/svg>\t\t\t\t\t\t<\/span>\n\t\t\t\t\t\t\t\t\t\t<span class=\"elementor-icon-list-text\">Experienced and dedicated interior design and decoration team. <\/span>\n\t\t\t\t\t\t\t\t\t<\/li>\n\t\t\t\t\t\t\t\t<li class=\"elementor-icon-list-item\">\n\t\t\t\t\t\t\t\t\t\t\t<span class=\"elementor-icon-list-icon\">\n\t\t\t\t\t\t\t<svg aria-hidden=\"true\" class=\"e-font-icon-svg e-fas-check\" viewBox=\"0 0 512 512\" xmlns=\"http:\/\/www.w3.org\/2000\/svg\"><path d=\"M173.898 439.404l-166.4-166.4c-9.997-9.997-9.997-26.206 0-36.204l36.203-36.204c9.997-9.998 26.207-9.998 36.204 0L192 312.69 432.095 72.596c9.997-9.997 26.207-9.997 36.204 0l36.203 36.204c9.997 9.997 9.997 26.206 0 36.204l-294.4 294.401c-9.998 9.997-26.207 9.997-36.204-.001z\"><\/path><\/svg>\t\t\t\t\t\t<\/span>\n\t\t\t\t\t\t\t\t\t\t<span class=\"elementor-icon-list-text\">Solutions tailored to different styles and concepts. <\/span>\n\t\t\t\t\t\t\t\t\t<\/li>\n\t\t\t\t\t\t\t\t<li class=\"elementor-icon-list-item\">\n\t\t\t\t\t\t\t\t\t\t\t<span class=\"elementor-icon-list-icon\">\n\t\t\t\t\t\t\t<svg aria-hidden=\"true\" class=\"e-font-icon-svg e-fas-check\" viewBox=\"0 0 512 512\" xmlns=\"http:\/\/www.w3.org\/2000\/svg\"><path d=\"M173.898 439.404l-166.4-166.4c-9.997-9.997-9.997-26.206 0-36.204l36.203-36.204c9.997-9.998 26.207-9.998 36.204 0L192 312.69 432.095 72.596c9.997-9.997 26.207-9.997 36.204 0l36.203 36.204c9.997 9.997 9.997 26.206 0 36.204l-294.4 294.401c-9.998 9.997-26.207 9.997-36.204-.001z\"><\/path><\/svg>\t\t\t\t\t\t<\/span>\n\t\t\t\t\t\t\t\t\t\t<span class=\"elementor-icon-list-text\">Personalized support at every stage of the event. <\/span>\n\t\t\t\t\t\t\t\t\t<\/li>\n\t\t\t\t\t\t\t\t<li class=\"elementor-icon-list-item\">\n\t\t\t\t\t\t\t\t\t\t\t<span class=\"elementor-icon-list-icon\">\n\t\t\t\t\t\t\t<svg aria-hidden=\"true\" class=\"e-font-icon-svg e-fas-check\" viewBox=\"0 0 512 512\" xmlns=\"http:\/\/www.w3.org\/2000\/svg\"><path d=\"M173.898 439.404l-166.4-166.4c-9.997-9.997-9.997-26.206 0-36.204l36.203-36.204c9.997-9.998 26.207-9.998 36.204 0L192 312.69 432.095 72.596c9.997-9.997 26.207-9.997 36.204 0l36.203 36.204c9.997 9.997 9.997 26.206 0 36.204l-294.4 294.401c-9.998 9.997-26.207 9.997-36.204-.001z\"><\/path><\/svg>\t\t\t\t\t\t<\/span>\n\t\t\t\t\t\t\t\t\t\t<span class=\"elementor-icon-list-text\">An integrated approach that takes care of all aspects of decoration.<\/span>\n\t\t\t\t\t\t\t\t\t<\/li>\n\t\t\t\t\t\t<\/ul>\n\t\t\t\t\t\t<\/div>\n\t\t\t\t<\/div>\n\t\t\t\t<\/div>\n\t\t<div class=\"elementor-element elementor-element-febb214 e-con-full e-flex e-con e-parent\" data-id=\"febb214\" data-element_type=\"container\" data-settings=\"{&quot;background_background&quot;:&quot;classic&quot;}\">\n\t\t<div class=\"elementor-element elementor-element-30729d6 e-con-full e-flex e-con e-child\" data-id=\"30729d6\" data-element_type=\"container\" data-settings=\"{&quot;background_background&quot;:&quot;classic&quot;}\">\n\t\t<div class=\"elementor-element elementor-element-9ccc009 e-con-full qodef-elementor-content-grid e-flex e-con e-child\" data-id=\"9ccc009\" data-element_type=\"container\">\n\t\t\t\t<div class=\"elementor-element elementor-element-66b5ed9 elementor-widget elementor-widget-fidalgo_core_section_title\" data-id=\"66b5ed9\" data-element_type=\"widget\" data-widget_type=\"fidalgo_core_section_title.default\">\n\t\t\t\t<div class=\"elementor-widget-container\">\n\t\t\t\t\t<div class=\"qodef-shortcode qodef-m  qodef-section-title qodef-alignment--center  \">\n\t\t<h2 class=\"qodef-m-title\" style=\"color: #FFFFFF\">\n\t\t\t\t\tHost your Event at Casa do Marqu\u00eas\t\t\t<\/h2>\n\t\t<\/div>\n\t\t\t\t<\/div>\n\t\t\t\t<\/div>\n\t\t\t\t<div class=\"elementor-element elementor-element-0538d3f elementor-widget elementor-widget-fidalgo_core_button\" data-id=\"0538d3f\" data-element_type=\"widget\" data-widget_type=\"fidalgo_core_button.default\">\n\t\t\t\t<div class=\"elementor-widget-container\">\n\t\t\t\t\t<a class=\"qodef-shortcode qodef-m  qodef-button qodef-layout--outlined  qodef-html--link\" href=\"\/en\/contacts\/#proposal\" target=\"_self\"  >\n\t<span class=\"qodef-m-text\">Request a Proposal<\/span>\n<\/a>\n\t\t\t\t<\/div>\n\t\t\t\t<\/div>\n\t\t\t\t<div class=\"elementor-element elementor-element-c5b15b4 elementor-widget elementor-widget-wp-widget-fidalgo_core_social_links_group\" data-id=\"c5b15b4\" data-element_type=\"widget\" data-widget_type=\"wp-widget-fidalgo_core_social_links_group.default\">\n\t\t\t\t<div class=\"elementor-widget-container\">\n\t\t\t\t\t\t\t\t<div class=\"qodef-social-links-group\">\n\t\t\t\t\t\t\t\t\t\t<span class=\"qodef-link-holder\">\n\t\t\t\t\t\t\t<a itemprop=\"url\" href=\"https:\/\/www.facebook.com\/CasadoMarques\/\" target=\"_blank\" rel=\"noopener\">facebook<\/a>\t\t\t\t\t\t<\/span>\n\t\t\t\t\t\t\t\t\t\t\t<span class=\"qodef-link-holder\">\n\t\t\t\t\t\t\t<a itemprop=\"url\" href=\"https:\/\/www.instagram.com\/casa.do.marques\/\" target=\"_blank\" rel=\"noopener\">instagram<\/a>\t\t\t\t\t\t<\/span>\n\t\t\t\t\t\t\t\t\t\t\t<span class=\"qodef-link-holder\">\n\t\t\t\t\t\t\t<a itemprop=\"url\" href=\"https:\/\/www.linkedin.com\/company\/casa-do-marques\/%20\" target=\"_blank\" rel=\"noopener\">linkedin<\/a>\t\t\t\t\t\t<\/span>\n\t\t\t\t\t\t\t\t<\/div>\n\t\t\t\t\t\t\t<\/div>\n\t\t\t\t<\/div>\n\t\t\t\t<\/div>\n\t\t\t\t<\/div>\n\t\t\t\t<\/div>\n\t\t\t\t<\/div>\n\t\t","protected":false},"excerpt":{"rendered":"<p>Event Decoration and Furniture Casa do Marqu\u00eas At an event, every detail counts. Decoration and furniture are not just visual elements, but part of the experience. From glasses, tablecloths, and napkins to centerpieces and furniture, every detail contributes to creating the ideal experience. We believe that every event deserves a unique and inspiring setting. More [&hellip;]<\/p>\n","protected":false},"author":4,"featured_media":0,"parent":19478,"menu_order":0,"comment_status":"closed","ping_status":"closed","template":"page-full-width.php","meta":{"pagelayer_contact_templates":[],"_pagelayer_content":"","footnotes":""},"class_list":["post-19381","page","type-page","status-publish","hentry"],"_links":{"self":[{"href":"https:\/\/www.casadomarques.pt\/en\/wp-json\/wp\/v2\/pages\/19381","targetHints":{"allow":["GET"]}}],"collection":[{"href":"https:\/\/www.casadomarques.pt\/en\/wp-json\/wp\/v2\/pages"}],"about":[{"href":"https:\/\/www.casadomarques.pt\/en\/wp-json\/wp\/v2\/types\/page"}],"author":[{"embeddable":true,"href":"https:\/\/www.casadomarques.pt\/en\/wp-json\/wp\/v2\/users\/4"}],"replies":[{"embeddable":true,"href":"https:\/\/www.casadomarques.pt\/en\/wp-json\/wp\/v2\/comments?post=19381"}],"version-history":[{"count":10,"href":"https:\/\/www.casadomarques.pt\/en\/wp-json\/wp\/v2\/pages\/19381\/revisions"}],"predecessor-version":[{"id":22565,"href":"https:\/\/www.casadomarques.pt\/en\/wp-json\/wp\/v2\/pages\/19381\/revisions\/22565"}],"up":[{"embeddable":true,"href":"https:\/\/www.casadomarques.pt\/en\/wp-json\/wp\/v2\/pages\/19478"}],"wp:attachment":[{"href":"https:\/\/www.casadomarques.pt\/en\/wp-json\/wp\/v2\/media?parent=19381"}],"curies":[{"name":"wp","href":"https:\/\/api.w.org\/{rel}","templated":true}]}}